{"id":2354,"date":"2026-01-08T14:08:39","date_gmt":"2026-01-08T13:08:39","guid":{"rendered":"https:\/\/archeoparkvsestary.cz\/?page_id=2354"},"modified":"2026-01-09T10:49:52","modified_gmt":"2026-01-09T09:49:52","slug":"oteviraci-doba-2026","status":"publish","type":"page","link":"https:\/\/archeoparkvsestary.cz\/?page_id=2354","title":{"rendered":"Otev\u00edrac\u00ed doba 2026"},"content":{"rendered":"\n<p class=\"has-text-align-center has-vivid-red-color has-text-color has-link-color wp-elements-c389ed215c4b97ac95b7c08a7ffe17d3\" style=\"margin-top:0;margin-bottom:0;font-size:16px\"><strong>od 1. ledna do 10. dubna<\/strong><\/p>\n\n\n\n<p class=\"has-text-align-center\" style=\"margin-top:0;margin-bottom:0;font-size:14px\">pond\u011bl\u00ed &#8211; ned\u011ble     <strong>ZAV\u0158ENO<\/strong><\/p>\n\n\n\n<div style=\"height:25px\" aria-hidden=\"true\" class=\"wp-block-spacer\"><\/div>\n\n\n\n<p class=\"has-text-align-center has-vivid-red-color has-text-color has-link-color wp-elements-8802d9e60657062f4df5d334302e5d31\" style=\"margin-top:0;margin-bottom:0;font-size:16px\"><strong>od 11. dubna do 30. \u010dervna<\/strong><\/p>\n\n\n\n<p class=\"has-text-align-center\" style=\"margin-top:0;margin-bottom:0;font-size:14px\">pond\u011bl\u00ed &#8211; p\u00e1tek     <strong>ZAV\u0158ENO<\/strong><\/p>\n\n\n\n<p class=\"has-text-align-center\" style=\"margin-top:0;margin-bottom:0;font-size:14px\">sobota &#8211; ned\u011ble     <strong>10:00 &#8211; 17:00<\/strong><\/p>\n\n\n\n<div style=\"height:25px\" aria-hidden=\"true\" class=\"wp-block-spacer\"><\/div>\n\n\n\n<p class=\"has-text-align-center has-vivid-red-color has-text-color has-link-color wp-elements-6612b56cc8917918f4aff12ec56f8792\" style=\"margin-top:0;margin-bottom:0;font-size:16px\"><strong>od 1. \u010dervence do 31. srpna<\/strong><\/p>\n\n\n\n<p class=\"has-text-align-center\" style=\"margin-top:0;margin-bottom:0;font-size:14px\">pond\u011bl\u00ed     <strong>ZAV\u0158ENO<\/strong><\/p>\n\n\n\n<p class=\"has-text-align-center\" style=\"margin-top:0;margin-bottom:0;font-size:14px\">\u00fater\u00fd &#8211; ned\u011ble     <strong>10:00 &#8211; 17:00<\/strong><\/p>\n\n\n\n<p class=\"has-text-align-center has-vivid-purple-color has-text-color has-link-color wp-elements-216d050b80dd779d69dba73637e9f3e6\" style=\"margin-top:0;margin-bottom:0;font-size:14px\"><strong>! UPOZORN\u011aN\u00cd:  10. 7. 2026 &#8211; ZAV\u0158ENO !<\/strong><\/p>\n\n\n\n<div style=\"height:25px\" aria-hidden=\"true\" class=\"wp-block-spacer\"><\/div>\n\n\n\n<p class=\"has-text-align-center has-vivid-red-color has-text-color has-link-color wp-elements-c2de214da0d5b43362919597cdbe1cc8\" style=\"margin-top:0;margin-bottom:0;font-size:16px\"><strong>od 1. z\u00e1\u0159\u00ed do 30. z\u00e1\u0159\u00ed<\/strong><\/p>\n\n\n\n<p class=\"has-text-align-center\" style=\"margin-top:0;margin-bottom:0;font-size:14px\">pond\u011bl\u00ed &#8211; p\u00e1tek     <strong>ZAV\u0158ENO<\/strong><\/p>\n\n\n\n<p class=\"has-text-align-center\" style=\"margin-top:0;margin-bottom:0;font-size:14px\">sobota &#8211; ned\u011ble     <strong>10:00 &#8211; 17:00<\/strong><\/p>\n\n\n\n<div style=\"height:25px\" aria-hidden=\"true\" class=\"wp-block-spacer\"><\/div>\n\n\n\n<p class=\"has-text-align-center has-vivid-red-color has-text-color has-link-color wp-elements-5daf5693fd536f806458542fb0482ea6\" style=\"margin-top:0;margin-bottom:0;font-size:16px\"><strong>od 1. \u0159\u00edjna do 31. prosince<\/strong><\/p>\n\n\n\n<p class=\"has-text-align-center\" style=\"margin-top:0;margin-bottom:0;font-size:14px\">pond\u011bl\u00ed &#8211; ned\u011ble     <strong>ZAV\u0158ENO<\/strong><\/p>\n\n\n\n<div style=\"height:25px\" aria-hidden=\"true\" class=\"wp-block-spacer\"><\/div>\n\n\n\n<p class=\"has-text-align-center has-vivid-purple-color has-text-color has-link-color wp-elements-29785ea65ca9ee5a15a9f44da289c7e2\" style=\"margin-top:0;margin-bottom:0;font-size:14px\"><strong>! UPOZORN\u011aN\u00cd:  B\u011bhem akc\u00ed se otev\u00edrac\u00ed doba m\u016f\u017ee li\u0161it !<\/strong><\/p>\n\n\n\n<p class=\"has-text-align-center has-vivid-purple-color has-text-color has-link-color wp-elements-36a46f1e6dccf4c56386991322678299\" style=\"margin-top:0;margin-bottom:0;font-size:14px\"><strong>! UPOZORN\u011aN\u00cd: Mo\u017enost objedn\u00e1n\u00ed skupiny nad 10 osob i mimo otev\u00edrac\u00ed dobu !<\/strong><\/p>\n\n\n\n<div style=\"height:50px\" aria-hidden=\"true\" class=\"wp-block-spacer\"><\/div>\n\n\n\n<p class=\"has-text-align-center has-vivid-cyan-blue-color has-text-color has-link-color has-medium-font-size wp-elements-9894057e2bb5121dfce73c3ae8668101\"><strong>OTEV\u00cdRAC\u00cd DOBA O SV\u00c1TC\u00cdCH<\/strong><\/p>\n\n\n\n<p class=\"has-text-align-center\" style=\"margin-top:var(--wp--preset--spacing--20);margin-bottom:var(--wp--preset--spacing--20);font-size:14px\"><strong>1. ledna 2026<\/strong>  &#8211;   Nov\u00fd rok \u2022 Den obnovy samostatn\u00e9ho \u010desk\u00e9ho st\u00e1tu  &#8211;  <strong>ZAV\u0158ENO<\/strong><\/p>\n\n\n\n<p class=\"has-text-align-center\" style=\"margin-top:var(--wp--preset--spacing--20);margin-bottom:var(--wp--preset--spacing--20);font-size:14px\"><strong>3. dubna 2026<\/strong>  &#8211;  Velk\u00fd p\u00e1tek  &#8211;  <strong>ZAV\u0158ENO<\/strong><\/p>\n\n\n\n<p class=\"has-text-align-center\" style=\"margin-top:var(--wp--preset--spacing--20);margin-bottom:var(--wp--preset--spacing--20);font-size:14px\"><strong>6. dubna 2026<\/strong>  &#8211;  Velikono\u010dn\u00ed pond\u011bl\u00ed  &#8211;  <strong>ZAV\u0158ENO<\/strong><\/p>\n\n\n\n<p class=\"has-text-align-center\" style=\"margin-top:var(--wp--preset--spacing--20);margin-bottom:var(--wp--preset--spacing--20);font-size:14px\"><strong>1. kv\u011btna 2026<\/strong>  &#8211;  Sv\u00e1tek pr\u00e1ce  &#8211;  <strong>10:00 \u2013 17:00<\/strong><\/p>\n\n\n\n<p class=\"has-text-align-center\" style=\"margin-top:var(--wp--preset--spacing--20);margin-bottom:var(--wp--preset--spacing--20);font-size:14px\"><strong>8. kv\u011btna 2026<\/strong>  &#8211;  Den v\u00edt\u011bzstv\u00ed  &#8211;  <strong>10:00 \u2013 17:00<\/strong><\/p>\n\n\n\n<p class=\"has-text-align-center\" style=\"margin-top:var(--wp--preset--spacing--20);margin-bottom:var(--wp--preset--spacing--20);font-size:14px\"><strong>5. \u010dervence 2026<\/strong>  &#8211;  Den v\u011brozv\u011bst\u016f Cyrila a Metod\u011bje  &#8211;  <strong>10:00 \u2013 17:00<\/strong><\/p>\n\n\n\n<p class=\"has-text-align-center\" style=\"margin-top:var(--wp--preset--spacing--20);margin-bottom:var(--wp--preset--spacing--20);font-size:14px\"><strong>6. \u010dervence 2026<\/strong> &#8211; Den up\u00e1len\u00ed mistra Jana Husa &#8211; <strong>ZAV\u0158ENO<\/strong><\/p>\n\n\n\n<p class=\"has-text-align-center\" style=\"margin-top:var(--wp--preset--spacing--20);margin-bottom:var(--wp--preset--spacing--20);font-size:14px\"><strong>28. z\u00e1\u0159\u00ed 2026<\/strong>  &#8211;  Den \u010desk\u00e9 st\u00e1tnosti  &#8211;  <strong>10:00 \u2013 17:00<\/strong><\/p>\n\n\n\n<p class=\"has-text-align-center\" style=\"margin-top:var(--wp--preset--spacing--20);margin-bottom:var(--wp--preset--spacing--20);font-size:14px\"><strong>28. \u0159\u00edjna 2026<\/strong>  &#8211;  Den vzniku \u010ceskoslovenska  &#8211;  <strong>10:00 \u2013 17:00<\/strong><\/p>\n\n\n\n<p class=\"has-text-align-center\" style=\"margin-top:var(--wp--preset--spacing--20);margin-bottom:var(--wp--preset--spacing--20);font-size:14px\"><strong>17. listopadu 2026<\/strong>  &#8211;  Den boje za svobodu a demokracii  &#8211;  <strong>ZAV\u0158ENO<\/strong><\/p>\n\n\n\n<p class=\"has-text-align-center\" style=\"margin-top:var(--wp--preset--spacing--20);margin-bottom:var(--wp--preset--spacing--20);font-size:14px\"><strong>24. prosince 2026<\/strong>  &#8211;  \u0160t\u011bdr\u00fd den  &#8211;  <strong>ZAV\u0158ENO<\/strong><\/p>\n\n\n\n<p class=\"has-text-align-center\" style=\"margin-top:var(--wp--preset--spacing--20);margin-bottom:var(--wp--preset--spacing--20);font-size:14px\"><strong>25. prosince 2026<\/strong>  &#8211;  1. sv\u00e1tek v\u00e1no\u010dn\u00ed  &#8211;  <strong>ZAV\u0158ENO<\/strong><\/p>\n\n\n\n<p class=\"has-text-align-center\" style=\"margin-top:var(--wp--preset--spacing--20);margin-bottom:var(--wp--preset--spacing--20);font-size:14px\"><strong>26. prosince 2026<\/strong>  &#8211;  2. sv\u00e1tek v\u00e1no\u010dn\u00ed  &#8211;  <strong>ZAV\u0158ENO<\/strong><\/p>\n","protected":false},"excerpt":{"rendered":"<p>od 1. ledna do 10. dubna pond\u011bl\u00ed &#8211; ned\u011ble ZAV\u0158ENO od 11. dubna do 30. \u010dervna pond\u011bl\u00ed &#8211; p\u00e1tek ZAV\u0158ENO sobota &#8211; ned\u011ble 10:00 &#8211; 17:00 od 1. \u010dervence do 31. srpna pond\u011bl\u00ed ZAV\u0158ENO \u00fater\u00fd &#8211; ned\u011ble 10:00 &#8211; 17:00 ! UPOZORN\u011aN\u00cd: 10. 7. 2026 &#8211; ZAV\u0158ENO ! od 1. z\u00e1\u0159\u00ed do 30. z\u00e1\u0159\u00ed pond\u011bl\u00ed &#8211; p\u00e1tek ZAV\u0158ENO sobota &#8211; ned\u011ble 10:00 &#8211; 17:00 od 1. \u0159\u00edjna do 31. prosince pond\u011bl\u00ed &#8211; ned\u011ble ZAV\u0158ENO ! UPOZORN\u011aN\u00cd: B\u011bhem akc\u00ed se otev\u00edrac\u00ed doba m\u016f\u017ee li\u0161it ! ! UPOZORN\u011aN\u00cd: Mo\u017enost objedn\u00e1n\u00ed skupiny nad 10 osob i mimo otev\u00edrac\u00ed dobu ! OTEV\u00cdRAC\u00cd DOBA O SV\u00c1TC\u00cdCH 1. ledna 2026 &#8211; Nov\u00fd rok \u2022 Den obnovy samostatn\u00e9ho \u010desk\u00e9ho st\u00e1tu &#8211; ZAV\u0158ENO 3. dubna 2026 &#8211; Velk\u00fd p\u00e1tek &#8211; ZAV\u0158ENO 6. dubna 2026 &#8211; Velikono\u010dn\u00ed pond\u011bl\u00ed &#8211; ZAV\u0158ENO 1. kv\u011btna 2026 &#8211; Sv\u00e1tek pr\u00e1ce &#8211; 10:00 \u2013 17:00 8. kv\u011btna 2026 &#8211; Den v\u00edt\u011bzstv\u00ed &#8211; 10:00 \u2013 17:00 5. \u010dervence 2026 &#8211; Den v\u011brozv\u011bst\u016f Cyrila a Metod\u011bje &#8211; 10:00 \u2013 17:00 6. \u010dervence 2026 &#8211; Den up\u00e1len\u00ed mistra Jana Husa &#8211; ZAV\u0158ENO 28. z\u00e1\u0159\u00ed 2026 &#8211; Den \u010desk\u00e9 st\u00e1tnosti &#8211; 10:00 \u2013 17:00 28. \u0159\u00edjna 2026 &#8211; Den vzniku \u010ceskoslovenska &#8211; 10:00 \u2013 17:00 17. listopadu 2026 &#8211; Den boje za svobodu a demokracii &#8211; ZAV\u0158ENO 24. prosince 2026 &#8211; \u0160t\u011bdr\u00fd den &#8211; ZAV\u0158ENO 25. prosince 2026 &#8211; 1. sv\u00e1tek v\u00e1no\u010dn\u00ed &#8211; ZAV\u0158ENO 26. prosince 2026 &#8211; 2. sv\u00e1tek v\u00e1no\u010dn\u00ed &#8211; ZAV\u0158ENO<\/p>\n","protected":false},"author":1,"featured_media":0,"parent":0,"menu_order":0,"comment_status":"closed","ping_status":"closed","template":"","meta":{"_monsterinsights_skip_tracking":false,"_monsterinsights_sitenote_active":false,"_monsterinsights_sitenote_note":"","_monsterinsights_sitenote_category":0,"footnotes":""},"class_list":["post-2354","page","type-page","status-publish","hentry"],"yoast_head":"<!-- This site is optimized with the Yoast SEO plugin v26.7 - https:\/\/yoast.com\/wordpress\/plugins\/seo\/ -->\n<title>Otev\u00edrac\u00ed doba 2026 - Archeopark prav\u011bku V\u0161estary<\/title>\n<meta name=\"robots\" content=\"index, follow, max-snippet:-1, max-image-preview:large, max-video-preview:-1\" \/>\n<link rel=\"canonical\" href=\"https:\/\/archeoparkvsestary.cz\/?page_id=2354\" \/>\n<meta property=\"og:locale\" content=\"cs_CZ\" \/>\n<meta property=\"og:type\" content=\"article\" \/>\n<meta property=\"og:title\" content=\"Otev\u00edrac\u00ed doba 2026 - Archeopark prav\u011bku V\u0161estary\" \/>\n<meta property=\"og:description\" content=\"od 1. ledna do 10. dubna pond\u011bl\u00ed &#8211; ned\u011ble ZAV\u0158ENO od 11. dubna do 30. \u010dervna pond\u011bl\u00ed &#8211; p\u00e1tek ZAV\u0158ENO sobota &#8211; ned\u011ble 10:00 &#8211; 17:00 od 1. \u010dervence do 31. srpna pond\u011bl\u00ed ZAV\u0158ENO \u00fater\u00fd &#8211; ned\u011ble 10:00 &#8211; 17:00 ! UPOZORN\u011aN\u00cd: 10. 7. 2026 &#8211; ZAV\u0158ENO ! od 1. z\u00e1\u0159\u00ed do 30. z\u00e1\u0159\u00ed pond\u011bl\u00ed &#8211; p\u00e1tek ZAV\u0158ENO sobota &#8211; ned\u011ble 10:00 &#8211; 17:00 od 1. \u0159\u00edjna do 31. prosince pond\u011bl\u00ed &#8211; ned\u011ble ZAV\u0158ENO ! UPOZORN\u011aN\u00cd: B\u011bhem akc\u00ed se otev\u00edrac\u00ed doba m\u016f\u017ee li\u0161it ! ! UPOZORN\u011aN\u00cd: Mo\u017enost objedn\u00e1n\u00ed skupiny nad 10 osob i mimo otev\u00edrac\u00ed dobu ! OTEV\u00cdRAC\u00cd DOBA O SV\u00c1TC\u00cdCH 1. ledna 2026 &#8211; Nov\u00fd rok \u2022 Den obnovy samostatn\u00e9ho \u010desk\u00e9ho st\u00e1tu &#8211; ZAV\u0158ENO 3. dubna 2026 &#8211; Velk\u00fd p\u00e1tek &#8211; ZAV\u0158ENO 6. dubna 2026 &#8211; Velikono\u010dn\u00ed pond\u011bl\u00ed &#8211; ZAV\u0158ENO 1. kv\u011btna 2026 &#8211; Sv\u00e1tek pr\u00e1ce &#8211; 10:00 \u2013 17:00 8. kv\u011btna 2026 &#8211; Den v\u00edt\u011bzstv\u00ed &#8211; 10:00 \u2013 17:00 5. \u010dervence 2026 &#8211; Den v\u011brozv\u011bst\u016f Cyrila a Metod\u011bje &#8211; 10:00 \u2013 17:00 6. \u010dervence 2026 &#8211; Den up\u00e1len\u00ed mistra Jana Husa &#8211; ZAV\u0158ENO 28. z\u00e1\u0159\u00ed 2026 &#8211; Den \u010desk\u00e9 st\u00e1tnosti &#8211; 10:00 \u2013 17:00 28. \u0159\u00edjna 2026 &#8211; Den vzniku \u010ceskoslovenska &#8211; 10:00 \u2013 17:00 17. listopadu 2026 &#8211; Den boje za svobodu a demokracii &#8211; ZAV\u0158ENO 24. prosince 2026 &#8211; \u0160t\u011bdr\u00fd den &#8211; ZAV\u0158ENO 25. prosince 2026 &#8211; 1. sv\u00e1tek v\u00e1no\u010dn\u00ed &#8211; ZAV\u0158ENO 26. prosince 2026 &#8211; 2. sv\u00e1tek v\u00e1no\u010dn\u00ed &#8211; ZAV\u0158ENO\" \/>\n<meta property=\"og:url\" content=\"https:\/\/archeoparkvsestary.cz\/?page_id=2354\" \/>\n<meta property=\"og:site_name\" content=\"Archeopark prav\u011bku V\u0161estary\" \/>\n<meta property=\"article:publisher\" content=\"https:\/\/www.facebook.com\/archeoparkvsestary\/\" \/>\n<meta property=\"article:modified_time\" content=\"2026-01-09T09:49:52+00:00\" \/>\n<meta name=\"twitter:card\" content=\"summary_large_image\" \/>\n<meta name=\"twitter:label1\" content=\"Odhadovan\u00e1 doba \u010dten\u00ed\" \/>\n\t<meta name=\"twitter:data1\" content=\"2 minuty\" \/>\n<script type=\"application\/ld+json\" class=\"yoast-schema-graph\">{\"@context\":\"https:\/\/schema.org\",\"@graph\":[{\"@type\":\"WebPage\",\"@id\":\"https:\/\/archeoparkvsestary.cz\/?page_id=2354\",\"url\":\"https:\/\/archeoparkvsestary.cz\/?page_id=2354\",\"name\":\"Otev\u00edrac\u00ed doba 2026 - Archeopark prav\u011bku V\u0161estary\",\"isPartOf\":{\"@id\":\"https:\/\/archeoparkvsestary.cz\/#website\"},\"datePublished\":\"2026-01-08T13:08:39+00:00\",\"dateModified\":\"2026-01-09T09:49:52+00:00\",\"breadcrumb\":{\"@id\":\"https:\/\/archeoparkvsestary.cz\/?page_id=2354#breadcrumb\"},\"inLanguage\":\"cs\",\"potentialAction\":[{\"@type\":\"ReadAction\",\"target\":[\"https:\/\/archeoparkvsestary.cz\/?page_id=2354\"]}]},{\"@type\":\"BreadcrumbList\",\"@id\":\"https:\/\/archeoparkvsestary.cz\/?page_id=2354#breadcrumb\",\"itemListElement\":[{\"@type\":\"ListItem\",\"position\":1,\"name\":\"Home\",\"item\":\"https:\/\/archeoparkvsestary.cz\/\"},{\"@type\":\"ListItem\",\"position\":2,\"name\":\"Otev\u00edrac\u00ed doba 2026\"}]},{\"@type\":\"WebSite\",\"@id\":\"https:\/\/archeoparkvsestary.cz\/#website\",\"url\":\"https:\/\/archeoparkvsestary.cz\/\",\"name\":\"Archeopark prav\u011bku V\u0161estary\",\"description\":\"Archeopark prav\u011bku V\u0161estary\",\"publisher\":{\"@id\":\"https:\/\/archeoparkvsestary.cz\/#organization\"},\"potentialAction\":[{\"@type\":\"SearchAction\",\"target\":{\"@type\":\"EntryPoint\",\"urlTemplate\":\"https:\/\/archeoparkvsestary.cz\/?s={search_term_string}\"},\"query-input\":{\"@type\":\"PropertyValueSpecification\",\"valueRequired\":true,\"valueName\":\"search_term_string\"}}],\"inLanguage\":\"cs\"},{\"@type\":\"Organization\",\"@id\":\"https:\/\/archeoparkvsestary.cz\/#organization\",\"name\":\"Archeopark prav\u011bku V\u0161estary\",\"url\":\"https:\/\/archeoparkvsestary.cz\/\",\"logo\":{\"@type\":\"ImageObject\",\"inLanguage\":\"cs\",\"@id\":\"https:\/\/archeoparkvsestary.cz\/#\/schema\/logo\/image\/\",\"url\":\"https:\/\/archeoparkvsestary.cz\/wp-content\/uploads\/2023\/03\/logo_archeopark_nadoba.jpg\",\"contentUrl\":\"https:\/\/archeoparkvsestary.cz\/wp-content\/uploads\/2023\/03\/logo_archeopark_nadoba.jpg\",\"width\":300,\"height\":279,\"caption\":\"Archeopark prav\u011bku V\u0161estary\"},\"image\":{\"@id\":\"https:\/\/archeoparkvsestary.cz\/#\/schema\/logo\/image\/\"},\"sameAs\":[\"https:\/\/www.facebook.com\/archeoparkvsestary\/\"]}]}<\/script>\n<!-- \/ Yoast SEO plugin. -->","yoast_head_json":{"title":"Otev\u00edrac\u00ed doba 2026 - Archeopark prav\u011bku V\u0161estary","robots":{"index":"index","follow":"follow","max-snippet":"max-snippet:-1","max-image-preview":"max-image-preview:large","max-video-preview":"max-video-preview:-1"},"canonical":"https:\/\/archeoparkvsestary.cz\/?page_id=2354","og_locale":"cs_CZ","og_type":"article","og_title":"Otev\u00edrac\u00ed doba 2026 - Archeopark prav\u011bku V\u0161estary","og_description":"od 1. ledna do 10. dubna pond\u011bl\u00ed &#8211; ned\u011ble ZAV\u0158ENO od 11. dubna do 30. \u010dervna pond\u011bl\u00ed &#8211; p\u00e1tek ZAV\u0158ENO sobota &#8211; ned\u011ble 10:00 &#8211; 17:00 od 1. \u010dervence do 31. srpna pond\u011bl\u00ed ZAV\u0158ENO \u00fater\u00fd &#8211; ned\u011ble 10:00 &#8211; 17:00 ! UPOZORN\u011aN\u00cd: 10. 7. 2026 &#8211; ZAV\u0158ENO ! od 1. z\u00e1\u0159\u00ed do 30. z\u00e1\u0159\u00ed pond\u011bl\u00ed &#8211; p\u00e1tek ZAV\u0158ENO sobota &#8211; ned\u011ble 10:00 &#8211; 17:00 od 1. \u0159\u00edjna do 31. prosince pond\u011bl\u00ed &#8211; ned\u011ble ZAV\u0158ENO ! UPOZORN\u011aN\u00cd: B\u011bhem akc\u00ed se otev\u00edrac\u00ed doba m\u016f\u017ee li\u0161it ! ! UPOZORN\u011aN\u00cd: Mo\u017enost objedn\u00e1n\u00ed skupiny nad 10 osob i mimo otev\u00edrac\u00ed dobu ! OTEV\u00cdRAC\u00cd DOBA O SV\u00c1TC\u00cdCH 1. ledna 2026 &#8211; Nov\u00fd rok \u2022 Den obnovy samostatn\u00e9ho \u010desk\u00e9ho st\u00e1tu &#8211; ZAV\u0158ENO 3. dubna 2026 &#8211; Velk\u00fd p\u00e1tek &#8211; ZAV\u0158ENO 6. dubna 2026 &#8211; Velikono\u010dn\u00ed pond\u011bl\u00ed &#8211; ZAV\u0158ENO 1. kv\u011btna 2026 &#8211; Sv\u00e1tek pr\u00e1ce &#8211; 10:00 \u2013 17:00 8. kv\u011btna 2026 &#8211; Den v\u00edt\u011bzstv\u00ed &#8211; 10:00 \u2013 17:00 5. \u010dervence 2026 &#8211; Den v\u011brozv\u011bst\u016f Cyrila a Metod\u011bje &#8211; 10:00 \u2013 17:00 6. \u010dervence 2026 &#8211; Den up\u00e1len\u00ed mistra Jana Husa &#8211; ZAV\u0158ENO 28. z\u00e1\u0159\u00ed 2026 &#8211; Den \u010desk\u00e9 st\u00e1tnosti &#8211; 10:00 \u2013 17:00 28. \u0159\u00edjna 2026 &#8211; Den vzniku \u010ceskoslovenska &#8211; 10:00 \u2013 17:00 17. listopadu 2026 &#8211; Den boje za svobodu a demokracii &#8211; ZAV\u0158ENO 24. prosince 2026 &#8211; \u0160t\u011bdr\u00fd den &#8211; ZAV\u0158ENO 25. prosince 2026 &#8211; 1. sv\u00e1tek v\u00e1no\u010dn\u00ed &#8211; ZAV\u0158ENO 26. prosince 2026 &#8211; 2. sv\u00e1tek v\u00e1no\u010dn\u00ed &#8211; ZAV\u0158ENO","og_url":"https:\/\/archeoparkvsestary.cz\/?page_id=2354","og_site_name":"Archeopark prav\u011bku V\u0161estary","article_publisher":"https:\/\/www.facebook.com\/archeoparkvsestary\/","article_modified_time":"2026-01-09T09:49:52+00:00","twitter_card":"summary_large_image","twitter_misc":{"Odhadovan\u00e1 doba \u010dten\u00ed":"2 minuty"},"schema":{"@context":"https:\/\/schema.org","@graph":[{"@type":"WebPage","@id":"https:\/\/archeoparkvsestary.cz\/?page_id=2354","url":"https:\/\/archeoparkvsestary.cz\/?page_id=2354","name":"Otev\u00edrac\u00ed doba 2026 - Archeopark prav\u011bku V\u0161estary","isPartOf":{"@id":"https:\/\/archeoparkvsestary.cz\/#website"},"datePublished":"2026-01-08T13:08:39+00:00","dateModified":"2026-01-09T09:49:52+00:00","breadcrumb":{"@id":"https:\/\/archeoparkvsestary.cz\/?page_id=2354#breadcrumb"},"inLanguage":"cs","potentialAction":[{"@type":"ReadAction","target":["https:\/\/archeoparkvsestary.cz\/?page_id=2354"]}]},{"@type":"BreadcrumbList","@id":"https:\/\/archeoparkvsestary.cz\/?page_id=2354#breadcrumb","itemListElement":[{"@type":"ListItem","position":1,"name":"Home","item":"https:\/\/archeoparkvsestary.cz\/"},{"@type":"ListItem","position":2,"name":"Otev\u00edrac\u00ed doba 2026"}]},{"@type":"WebSite","@id":"https:\/\/archeoparkvsestary.cz\/#website","url":"https:\/\/archeoparkvsestary.cz\/","name":"Archeopark prav\u011bku V\u0161estary","description":"Archeopark prav\u011bku V\u0161estary","publisher":{"@id":"https:\/\/archeoparkvsestary.cz\/#organization"},"potentialAction":[{"@type":"SearchAction","target":{"@type":"EntryPoint","urlTemplate":"https:\/\/archeoparkvsestary.cz\/?s={search_term_string}"},"query-input":{"@type":"PropertyValueSpecification","valueRequired":true,"valueName":"search_term_string"}}],"inLanguage":"cs"},{"@type":"Organization","@id":"https:\/\/archeoparkvsestary.cz\/#organization","name":"Archeopark prav\u011bku V\u0161estary","url":"https:\/\/archeoparkvsestary.cz\/","logo":{"@type":"ImageObject","inLanguage":"cs","@id":"https:\/\/archeoparkvsestary.cz\/#\/schema\/logo\/image\/","url":"https:\/\/archeoparkvsestary.cz\/wp-content\/uploads\/2023\/03\/logo_archeopark_nadoba.jpg","contentUrl":"https:\/\/archeoparkvsestary.cz\/wp-content\/uploads\/2023\/03\/logo_archeopark_nadoba.jpg","width":300,"height":279,"caption":"Archeopark prav\u011bku V\u0161estary"},"image":{"@id":"https:\/\/archeoparkvsestary.cz\/#\/schema\/logo\/image\/"},"sameAs":["https:\/\/www.facebook.com\/archeoparkvsestary\/"]}]}},"_links":{"self":[{"href":"https:\/\/archeoparkvsestary.cz\/index.php?rest_route=\/wp\/v2\/pages\/2354","targetHints":{"allow":["GET"]}}],"collection":[{"href":"https:\/\/archeoparkvsestary.cz\/index.php?rest_route=\/wp\/v2\/pages"}],"about":[{"href":"https:\/\/archeoparkvsestary.cz\/index.php?rest_route=\/wp\/v2\/types\/page"}],"author":[{"embeddable":true,"href":"https:\/\/archeoparkvsestary.cz\/index.php?rest_route=\/wp\/v2\/users\/1"}],"replies":[{"embeddable":true,"href":"https:\/\/archeoparkvsestary.cz\/index.php?rest_route=%2Fwp%2Fv2%2Fcomments&post=2354"}],"version-history":[{"count":5,"href":"https:\/\/archeoparkvsestary.cz\/index.php?rest_route=\/wp\/v2\/pages\/2354\/revisions"}],"predecessor-version":[{"id":2425,"href":"https:\/\/archeoparkvsestary.cz\/index.php?rest_route=\/wp\/v2\/pages\/2354\/revisions\/2425"}],"wp:attachment":[{"href":"https:\/\/archeoparkvsestary.cz\/index.php?rest_route=%2Fwp%2Fv2%2Fmedia&parent=2354"}],"curies":[{"name":"wp","href":"https:\/\/api.w.org\/{rel}","templated":true}]}}