{"id":259,"date":"2023-03-27T20:56:57","date_gmt":"2023-03-27T18:56:57","guid":{"rendered":"https:\/\/archeoparkvsestary.cz\/?page_id=259"},"modified":"2023-10-05T16:52:59","modified_gmt":"2023-10-05T14:52:59","slug":"rim-rimska-armada","status":"publish","type":"page","link":"https:\/\/archeoparkvsestary.cz\/?page_id=259","title":{"rendered":"\u0158\u00edm \u2013 \u0159\u00edmsk\u00e1 arm\u00e1da"},"content":{"rendered":"\n<p><strong>Popis programu: <\/strong>\u0158\u00edmsk\u00e1 arm\u00e1da se chyst\u00e1 na ta\u017een\u00ed proti barbar\u016fm a nab\u00edr\u00e1 rekruty. Bere chlapce i d\u00edvky, p\u0159idej se i ty! Dozv\u00ed\u0161 se, jak\u00e1 byla v\u00fdzbroj a taktika \u0159\u00edmsk\u00e9 arm\u00e1dy, jak se \u017eilo voj\u00e1k\u016fm b\u011bhem vojensk\u00e9ho ta\u017een\u00ed a na chv\u00edli se voj\u00e1kem i stane\u0161.<\/p>\n\n\n\n<p><strong>Vzd\u011bl\u00e1vac\u00ed oblast: <\/strong>Program navazuje a dopl\u0148uje u\u010divo obsa\u017een\u00e9 ve vzd\u011bl\u00e1vac\u00ed oblasti \u010clov\u011bk a spole\u010dnost -D\u011bjepis.<\/p>\n\n\n\n<p>Program prob\u00edh\u00e1 jak v&nbsp;interi\u00e9ru tak exteri\u00e9ru. Doporu\u010dujeme obl\u00e9ci se s&nbsp;ohledem na po\u010das\u00ed a mo\u017enost umaz\u00e1n\u00ed se.<\/p>\n\n\n\n<p><em>Nejedn\u00e1 se o prohl\u00eddku cel\u00e9ho muzea.<\/em><\/p>\n\n\n\n<div class=\"wp-block-group\"><div class=\"wp-block-group__inner-container is-layout-constrained wp-block-group-is-layout-constrained\">\n<figure class=\"wp-block-gallery aligncenter has-nested-images columns-default is-cropped wp-block-gallery-1 is-layout-flex wp-block-gallery-is-layout-flex\">\n<figure class=\"wp-block-image size-large is-style-rounded\"><a href=\"http:\/\/archeoparkvsestary.cz\/wp-content\/uploads\/2023\/10\/program13_1.jpg\"><img loading=\"lazy\" decoding=\"async\" width=\"1024\" height=\"768\" data-id=\"1242\" src=\"http:\/\/archeoparkvsestary.cz\/wp-content\/uploads\/2023\/10\/program13_1-1024x768.jpg\" alt=\"\" class=\"wp-image-1242\" srcset=\"https:\/\/archeoparkvsestary.cz\/wp-content\/uploads\/2023\/10\/program13_1-1024x768.jpg 1024w, https:\/\/archeoparkvsestary.cz\/wp-content\/uploads\/2023\/10\/program13_1-300x225.jpg 300w, https:\/\/archeoparkvsestary.cz\/wp-content\/uploads\/2023\/10\/program13_1-768x576.jpg 768w, https:\/\/archeoparkvsestary.cz\/wp-content\/uploads\/2023\/10\/program13_1-1140x855.jpg 1140w, https:\/\/archeoparkvsestary.cz\/wp-content\/uploads\/2023\/10\/program13_1.jpg 1200w\" sizes=\"auto, (max-width: 1024px) 100vw, 1024px\" \/><\/a><\/figure>\n\n\n\n<figure class=\"wp-block-image size-large is-style-rounded\"><a href=\"http:\/\/archeoparkvsestary.cz\/wp-content\/uploads\/2023\/10\/program13_2.jpg\"><img loading=\"lazy\" decoding=\"async\" width=\"1024\" height=\"768\" data-id=\"1243\" src=\"http:\/\/archeoparkvsestary.cz\/wp-content\/uploads\/2023\/10\/program13_2-1024x768.jpg\" alt=\"\" class=\"wp-image-1243\" srcset=\"https:\/\/archeoparkvsestary.cz\/wp-content\/uploads\/2023\/10\/program13_2-1024x768.jpg 1024w, https:\/\/archeoparkvsestary.cz\/wp-content\/uploads\/2023\/10\/program13_2-300x225.jpg 300w, https:\/\/archeoparkvsestary.cz\/wp-content\/uploads\/2023\/10\/program13_2-768x576.jpg 768w, https:\/\/archeoparkvsestary.cz\/wp-content\/uploads\/2023\/10\/program13_2-1140x855.jpg 1140w, https:\/\/archeoparkvsestary.cz\/wp-content\/uploads\/2023\/10\/program13_2.jpg 1200w\" sizes=\"auto, (max-width: 1024px) 100vw, 1024px\" \/><\/a><\/figure>\n\n\n\n<figure class=\"wp-block-image size-large is-style-rounded\"><a href=\"http:\/\/archeoparkvsestary.cz\/wp-content\/uploads\/2023\/10\/program13_3.jpg\"><img loading=\"lazy\" decoding=\"async\" width=\"1024\" height=\"768\" data-id=\"1244\" src=\"http:\/\/archeoparkvsestary.cz\/wp-content\/uploads\/2023\/10\/program13_3-1024x768.jpg\" alt=\"\" class=\"wp-image-1244\" srcset=\"https:\/\/archeoparkvsestary.cz\/wp-content\/uploads\/2023\/10\/program13_3-1024x768.jpg 1024w, https:\/\/archeoparkvsestary.cz\/wp-content\/uploads\/2023\/10\/program13_3-300x225.jpg 300w, https:\/\/archeoparkvsestary.cz\/wp-content\/uploads\/2023\/10\/program13_3-768x576.jpg 768w, https:\/\/archeoparkvsestary.cz\/wp-content\/uploads\/2023\/10\/program13_3-1140x855.jpg 1140w, https:\/\/archeoparkvsestary.cz\/wp-content\/uploads\/2023\/10\/program13_3.jpg 1200w\" sizes=\"auto, (max-width: 1024px) 100vw, 1024px\" \/><\/a><\/figure>\n<\/figure>\n<\/div><\/div>\n","protected":false},"excerpt":{"rendered":"<p>Popis programu: \u0158\u00edmsk\u00e1 arm\u00e1da se chyst\u00e1 na ta\u017een\u00ed proti barbar\u016fm a nab\u00edr\u00e1 rekruty. Bere chlapce i d\u00edvky, p\u0159idej se i ty! Dozv\u00ed\u0161 se, jak\u00e1 byla v\u00fdzbroj a taktika \u0159\u00edmsk\u00e9 arm\u00e1dy, jak se \u017eilo voj\u00e1k\u016fm b\u011bhem vojensk\u00e9ho ta\u017een\u00ed a na chv\u00edli se voj\u00e1kem i stane\u0161. Vzd\u011bl\u00e1vac\u00ed oblast: Program navazuje a dopl\u0148uje u\u010divo obsa\u017een\u00e9 ve vzd\u011bl\u00e1vac\u00ed oblasti \u010clov\u011bk a spole\u010dnost -D\u011bjepis. Program prob\u00edh\u00e1 jak v&nbsp;interi\u00e9ru tak exteri\u00e9ru. Doporu\u010dujeme obl\u00e9ci se s&nbsp;ohledem na po\u010das\u00ed a mo\u017enost umaz\u00e1n\u00ed se. Nejedn\u00e1 se o prohl\u00eddku cel\u00e9ho muzea.<\/p>\n","protected":false},"author":1,"featured_media":0,"parent":46,"menu_order":12,"comment_status":"closed","ping_status":"closed","template":"","meta":{"_monsterinsights_skip_tracking":false,"_monsterinsights_sitenote_active":false,"_monsterinsights_sitenote_note":"","_monsterinsights_sitenote_category":0,"footnotes":""},"class_list":["post-259","page","type-page","status-publish","hentry"],"yoast_head":"<!-- This site is optimized with the Yoast SEO plugin v26.7 - https:\/\/yoast.com\/wordpress\/plugins\/seo\/ -->\n<title>\u0158\u00edm \u2013 \u0159\u00edmsk\u00e1 arm\u00e1da - Archeopark prav\u011bku V\u0161estary<\/title>\n<meta name=\"robots\" content=\"index, follow, max-snippet:-1, max-image-preview:large, max-video-preview:-1\" \/>\n<link rel=\"canonical\" href=\"https:\/\/archeoparkvsestary.cz\/?page_id=259\" \/>\n<meta property=\"og:locale\" content=\"cs_CZ\" \/>\n<meta property=\"og:type\" content=\"article\" \/>\n<meta property=\"og:title\" content=\"\u0158\u00edm \u2013 \u0159\u00edmsk\u00e1 arm\u00e1da - Archeopark prav\u011bku V\u0161estary\" \/>\n<meta property=\"og:description\" content=\"Popis programu: \u0158\u00edmsk\u00e1 arm\u00e1da se chyst\u00e1 na ta\u017een\u00ed proti barbar\u016fm a nab\u00edr\u00e1 rekruty. Bere chlapce i d\u00edvky, p\u0159idej se i ty! Dozv\u00ed\u0161 se, jak\u00e1 byla v\u00fdzbroj a taktika \u0159\u00edmsk\u00e9 arm\u00e1dy, jak se \u017eilo voj\u00e1k\u016fm b\u011bhem vojensk\u00e9ho ta\u017een\u00ed a na chv\u00edli se voj\u00e1kem i stane\u0161. Vzd\u011bl\u00e1vac\u00ed oblast: Program navazuje a dopl\u0148uje u\u010divo obsa\u017een\u00e9 ve vzd\u011bl\u00e1vac\u00ed oblasti \u010clov\u011bk a spole\u010dnost -D\u011bjepis. Program prob\u00edh\u00e1 jak v&nbsp;interi\u00e9ru tak exteri\u00e9ru. Doporu\u010dujeme obl\u00e9ci se s&nbsp;ohledem na po\u010das\u00ed a mo\u017enost umaz\u00e1n\u00ed se. Nejedn\u00e1 se o prohl\u00eddku cel\u00e9ho muzea.\" \/>\n<meta property=\"og:url\" content=\"https:\/\/archeoparkvsestary.cz\/?page_id=259\" \/>\n<meta property=\"og:site_name\" content=\"Archeopark prav\u011bku V\u0161estary\" \/>\n<meta property=\"article:publisher\" content=\"https:\/\/www.facebook.com\/archeoparkvsestary\/\" \/>\n<meta property=\"article:modified_time\" content=\"2023-10-05T14:52:59+00:00\" \/>\n<meta property=\"og:image\" content=\"http:\/\/archeoparkvsestary.cz\/wp-content\/uploads\/2023\/10\/program13_1-1024x768.jpg\" \/>\n<meta name=\"twitter:card\" content=\"summary_large_image\" \/>\n<meta name=\"twitter:label1\" content=\"Odhadovan\u00e1 doba \u010dten\u00ed\" \/>\n\t<meta name=\"twitter:data1\" content=\"2 minuty\" \/>\n<script type=\"application\/ld+json\" class=\"yoast-schema-graph\">{\"@context\":\"https:\/\/schema.org\",\"@graph\":[{\"@type\":\"WebPage\",\"@id\":\"https:\/\/archeoparkvsestary.cz\/?page_id=259\",\"url\":\"https:\/\/archeoparkvsestary.cz\/?page_id=259\",\"name\":\"\u0158\u00edm \u2013 \u0159\u00edmsk\u00e1 arm\u00e1da - Archeopark prav\u011bku V\u0161estary\",\"isPartOf\":{\"@id\":\"https:\/\/archeoparkvsestary.cz\/#website\"},\"primaryImageOfPage\":{\"@id\":\"https:\/\/archeoparkvsestary.cz\/?page_id=259#primaryimage\"},\"image\":{\"@id\":\"https:\/\/archeoparkvsestary.cz\/?page_id=259#primaryimage\"},\"thumbnailUrl\":\"http:\/\/archeoparkvsestary.cz\/wp-content\/uploads\/2023\/10\/program13_1-1024x768.jpg\",\"datePublished\":\"2023-03-27T18:56:57+00:00\",\"dateModified\":\"2023-10-05T14:52:59+00:00\",\"breadcrumb\":{\"@id\":\"https:\/\/archeoparkvsestary.cz\/?page_id=259#breadcrumb\"},\"inLanguage\":\"cs\",\"potentialAction\":[{\"@type\":\"ReadAction\",\"target\":[\"https:\/\/archeoparkvsestary.cz\/?page_id=259\"]}]},{\"@type\":\"ImageObject\",\"inLanguage\":\"cs\",\"@id\":\"https:\/\/archeoparkvsestary.cz\/?page_id=259#primaryimage\",\"url\":\"https:\/\/archeoparkvsestary.cz\/wp-content\/uploads\/2023\/10\/program13_1.jpg\",\"contentUrl\":\"https:\/\/archeoparkvsestary.cz\/wp-content\/uploads\/2023\/10\/program13_1.jpg\",\"width\":1200,\"height\":900},{\"@type\":\"BreadcrumbList\",\"@id\":\"https:\/\/archeoparkvsestary.cz\/?page_id=259#breadcrumb\",\"itemListElement\":[{\"@type\":\"ListItem\",\"position\":1,\"name\":\"Home\",\"item\":\"https:\/\/archeoparkvsestary.cz\/\"},{\"@type\":\"ListItem\",\"position\":2,\"name\":\"Pro \u0161koly\",\"item\":\"http:\/\/archeoparkvsestary.cz\/?page_id=33\"},{\"@type\":\"ListItem\",\"position\":3,\"name\":\"Nab\u00eddka program\u016f\",\"item\":\"http:\/\/archeoparkvsestary.cz\/?page_id=46\"},{\"@type\":\"ListItem\",\"position\":4,\"name\":\"\u0158\u00edm \u2013 \u0159\u00edmsk\u00e1 arm\u00e1da\"}]},{\"@type\":\"WebSite\",\"@id\":\"https:\/\/archeoparkvsestary.cz\/#website\",\"url\":\"https:\/\/archeoparkvsestary.cz\/\",\"name\":\"Archeopark prav\u011bku V\u0161estary\",\"description\":\"Archeopark prav\u011bku V\u0161estary\",\"publisher\":{\"@id\":\"https:\/\/archeoparkvsestary.cz\/#organization\"},\"potentialAction\":[{\"@type\":\"SearchAction\",\"target\":{\"@type\":\"EntryPoint\",\"urlTemplate\":\"https:\/\/archeoparkvsestary.cz\/?s={search_term_string}\"},\"query-input\":{\"@type\":\"PropertyValueSpecification\",\"valueRequired\":true,\"valueName\":\"search_term_string\"}}],\"inLanguage\":\"cs\"},{\"@type\":\"Organization\",\"@id\":\"https:\/\/archeoparkvsestary.cz\/#organization\",\"name\":\"Archeopark prav\u011bku V\u0161estary\",\"url\":\"https:\/\/archeoparkvsestary.cz\/\",\"logo\":{\"@type\":\"ImageObject\",\"inLanguage\":\"cs\",\"@id\":\"https:\/\/archeoparkvsestary.cz\/#\/schema\/logo\/image\/\",\"url\":\"https:\/\/archeoparkvsestary.cz\/wp-content\/uploads\/2023\/03\/logo_archeopark_nadoba.jpg\",\"contentUrl\":\"https:\/\/archeoparkvsestary.cz\/wp-content\/uploads\/2023\/03\/logo_archeopark_nadoba.jpg\",\"width\":300,\"height\":279,\"caption\":\"Archeopark prav\u011bku V\u0161estary\"},\"image\":{\"@id\":\"https:\/\/archeoparkvsestary.cz\/#\/schema\/logo\/image\/\"},\"sameAs\":[\"https:\/\/www.facebook.com\/archeoparkvsestary\/\"]}]}<\/script>\n<!-- \/ Yoast SEO plugin. -->","yoast_head_json":{"title":"\u0158\u00edm \u2013 \u0159\u00edmsk\u00e1 arm\u00e1da - Archeopark prav\u011bku V\u0161estary","robots":{"index":"index","follow":"follow","max-snippet":"max-snippet:-1","max-image-preview":"max-image-preview:large","max-video-preview":"max-video-preview:-1"},"canonical":"https:\/\/archeoparkvsestary.cz\/?page_id=259","og_locale":"cs_CZ","og_type":"article","og_title":"\u0158\u00edm \u2013 \u0159\u00edmsk\u00e1 arm\u00e1da - Archeopark prav\u011bku V\u0161estary","og_description":"Popis programu: \u0158\u00edmsk\u00e1 arm\u00e1da se chyst\u00e1 na ta\u017een\u00ed proti barbar\u016fm a nab\u00edr\u00e1 rekruty. Bere chlapce i d\u00edvky, p\u0159idej se i ty! Dozv\u00ed\u0161 se, jak\u00e1 byla v\u00fdzbroj a taktika \u0159\u00edmsk\u00e9 arm\u00e1dy, jak se \u017eilo voj\u00e1k\u016fm b\u011bhem vojensk\u00e9ho ta\u017een\u00ed a na chv\u00edli se voj\u00e1kem i stane\u0161. Vzd\u011bl\u00e1vac\u00ed oblast: Program navazuje a dopl\u0148uje u\u010divo obsa\u017een\u00e9 ve vzd\u011bl\u00e1vac\u00ed oblasti \u010clov\u011bk a spole\u010dnost -D\u011bjepis. Program prob\u00edh\u00e1 jak v&nbsp;interi\u00e9ru tak exteri\u00e9ru. Doporu\u010dujeme obl\u00e9ci se s&nbsp;ohledem na po\u010das\u00ed a mo\u017enost umaz\u00e1n\u00ed se. Nejedn\u00e1 se o prohl\u00eddku cel\u00e9ho muzea.","og_url":"https:\/\/archeoparkvsestary.cz\/?page_id=259","og_site_name":"Archeopark prav\u011bku V\u0161estary","article_publisher":"https:\/\/www.facebook.com\/archeoparkvsestary\/","article_modified_time":"2023-10-05T14:52:59+00:00","og_image":[{"url":"http:\/\/archeoparkvsestary.cz\/wp-content\/uploads\/2023\/10\/program13_1-1024x768.jpg","type":"","width":"","height":""}],"twitter_card":"summary_large_image","twitter_misc":{"Odhadovan\u00e1 doba \u010dten\u00ed":"2 minuty"},"schema":{"@context":"https:\/\/schema.org","@graph":[{"@type":"WebPage","@id":"https:\/\/archeoparkvsestary.cz\/?page_id=259","url":"https:\/\/archeoparkvsestary.cz\/?page_id=259","name":"\u0158\u00edm \u2013 \u0159\u00edmsk\u00e1 arm\u00e1da - Archeopark prav\u011bku V\u0161estary","isPartOf":{"@id":"https:\/\/archeoparkvsestary.cz\/#website"},"primaryImageOfPage":{"@id":"https:\/\/archeoparkvsestary.cz\/?page_id=259#primaryimage"},"image":{"@id":"https:\/\/archeoparkvsestary.cz\/?page_id=259#primaryimage"},"thumbnailUrl":"http:\/\/archeoparkvsestary.cz\/wp-content\/uploads\/2023\/10\/program13_1-1024x768.jpg","datePublished":"2023-03-27T18:56:57+00:00","dateModified":"2023-10-05T14:52:59+00:00","breadcrumb":{"@id":"https:\/\/archeoparkvsestary.cz\/?page_id=259#breadcrumb"},"inLanguage":"cs","potentialAction":[{"@type":"ReadAction","target":["https:\/\/archeoparkvsestary.cz\/?page_id=259"]}]},{"@type":"ImageObject","inLanguage":"cs","@id":"https:\/\/archeoparkvsestary.cz\/?page_id=259#primaryimage","url":"https:\/\/archeoparkvsestary.cz\/wp-content\/uploads\/2023\/10\/program13_1.jpg","contentUrl":"https:\/\/archeoparkvsestary.cz\/wp-content\/uploads\/2023\/10\/program13_1.jpg","width":1200,"height":900},{"@type":"BreadcrumbList","@id":"https:\/\/archeoparkvsestary.cz\/?page_id=259#breadcrumb","itemListElement":[{"@type":"ListItem","position":1,"name":"Home","item":"https:\/\/archeoparkvsestary.cz\/"},{"@type":"ListItem","position":2,"name":"Pro \u0161koly","item":"http:\/\/archeoparkvsestary.cz\/?page_id=33"},{"@type":"ListItem","position":3,"name":"Nab\u00eddka program\u016f","item":"http:\/\/archeoparkvsestary.cz\/?page_id=46"},{"@type":"ListItem","position":4,"name":"\u0158\u00edm \u2013 \u0159\u00edmsk\u00e1 arm\u00e1da"}]},{"@type":"WebSite","@id":"https:\/\/archeoparkvsestary.cz\/#website","url":"https:\/\/archeoparkvsestary.cz\/","name":"Archeopark prav\u011bku V\u0161estary","description":"Archeopark prav\u011bku V\u0161estary","publisher":{"@id":"https:\/\/archeoparkvsestary.cz\/#organization"},"potentialAction":[{"@type":"SearchAction","target":{"@type":"EntryPoint","urlTemplate":"https:\/\/archeoparkvsestary.cz\/?s={search_term_string}"},"query-input":{"@type":"PropertyValueSpecification","valueRequired":true,"valueName":"search_term_string"}}],"inLanguage":"cs"},{"@type":"Organization","@id":"https:\/\/archeoparkvsestary.cz\/#organization","name":"Archeopark prav\u011bku V\u0161estary","url":"https:\/\/archeoparkvsestary.cz\/","logo":{"@type":"ImageObject","inLanguage":"cs","@id":"https:\/\/archeoparkvsestary.cz\/#\/schema\/logo\/image\/","url":"https:\/\/archeoparkvsestary.cz\/wp-content\/uploads\/2023\/03\/logo_archeopark_nadoba.jpg","contentUrl":"https:\/\/archeoparkvsestary.cz\/wp-content\/uploads\/2023\/03\/logo_archeopark_nadoba.jpg","width":300,"height":279,"caption":"Archeopark prav\u011bku V\u0161estary"},"image":{"@id":"https:\/\/archeoparkvsestary.cz\/#\/schema\/logo\/image\/"},"sameAs":["https:\/\/www.facebook.com\/archeoparkvsestary\/"]}]}},"_links":{"self":[{"href":"https:\/\/archeoparkvsestary.cz\/index.php?rest_route=\/wp\/v2\/pages\/259","targetHints":{"allow":["GET"]}}],"collection":[{"href":"https:\/\/archeoparkvsestary.cz\/index.php?rest_route=\/wp\/v2\/pages"}],"about":[{"href":"https:\/\/archeoparkvsestary.cz\/index.php?rest_route=\/wp\/v2\/types\/page"}],"author":[{"embeddable":true,"href":"https:\/\/archeoparkvsestary.cz\/index.php?rest_route=\/wp\/v2\/users\/1"}],"replies":[{"embeddable":true,"href":"https:\/\/archeoparkvsestary.cz\/index.php?rest_route=%2Fwp%2Fv2%2Fcomments&post=259"}],"version-history":[{"count":5,"href":"https:\/\/archeoparkvsestary.cz\/index.php?rest_route=\/wp\/v2\/pages\/259\/revisions"}],"predecessor-version":[{"id":1246,"href":"https:\/\/archeoparkvsestary.cz\/index.php?rest_route=\/wp\/v2\/pages\/259\/revisions\/1246"}],"up":[{"embeddable":true,"href":"https:\/\/archeoparkvsestary.cz\/index.php?rest_route=\/wp\/v2\/pages\/46"}],"wp:attachment":[{"href":"https:\/\/archeoparkvsestary.cz\/index.php?rest_route=%2Fwp%2Fv2%2Fmedia&parent=259"}],"curies":[{"name":"wp","href":"https:\/\/api.w.org\/{rel}","templated":true}]}}