{"id":263,"date":"2023-03-27T20:57:59","date_gmt":"2023-03-27T18:57:59","guid":{"rendered":"https:\/\/archeoparkvsestary.cz\/?page_id=263"},"modified":"2024-02-01T12:36:37","modified_gmt":"2024-02-01T11:36:37","slug":"rimane-a-germani-u-nas","status":"publish","type":"page","link":"https:\/\/archeoparkvsestary.cz\/?page_id=263","title":{"rendered":"\u0158\u00edman\u00e9 a Germ\u00e1ni u n\u00e1s"},"content":{"rendered":"\n<p><strong>Popis programu: <\/strong>Program je zam\u011b\u0159en na ran\u00e9 d\u011bjiny \u0159\u00edmsk\u00e9ho c\u00edsa\u0159stv\u00ed a historii Germ\u00e1n\u016f \u017eij\u00edc\u00edch na na\u0161em \u00fazem\u00ed. V\u0161\u00edmat si budeme zejm\u00e9na kontakt\u016f obyvatel z na\u0161eho \u00fazem\u00ed s \u0158\u00edmem. Zm\u00edn\u011bna bude Marobudova \u0159\u00ed\u0161e i Markomansk\u00e9 v\u00e1lky. Zam\u011b\u0159\u00edme se na \u0159\u00edmsk\u00e9 archeologick\u00e9 doklady z na\u0161eho \u00fazem\u00ed a prohl\u00e9dneme si repliky \u0159\u00edmsk\u00e9ho vojensk\u00e9ho vybaven\u00ed.<\/p>\n\n\n\n<p><strong>Vzd\u011bl\u00e1vac\u00ed oblast: <\/strong>Program navazuje a dopl\u0148uje u\u010divo obsa\u017een\u00e9 ve vzd\u011bl\u00e1vac\u00ed oblasti \u010clov\u011bk a spole\u010dnost &#8211; D\u011bjepis.<\/p>\n\n\n\n<p><em>Cel\u00fd program se odehr\u00e1v\u00e1 v&nbsp;kinos\u00e1le.<\/em><\/p>\n","protected":false},"excerpt":{"rendered":"<p>Popis programu: Program je zam\u011b\u0159en na ran\u00e9 d\u011bjiny \u0159\u00edmsk\u00e9ho c\u00edsa\u0159stv\u00ed a historii Germ\u00e1n\u016f \u017eij\u00edc\u00edch na na\u0161em \u00fazem\u00ed. V\u0161\u00edmat si budeme zejm\u00e9na kontakt\u016f obyvatel z na\u0161eho \u00fazem\u00ed s \u0158\u00edmem. Zm\u00edn\u011bna bude Marobudova \u0159\u00ed\u0161e i Markomansk\u00e9 v\u00e1lky. Zam\u011b\u0159\u00edme se na \u0159\u00edmsk\u00e9 archeologick\u00e9 doklady z na\u0161eho \u00fazem\u00ed a prohl\u00e9dneme si repliky \u0159\u00edmsk\u00e9ho vojensk\u00e9ho vybaven\u00ed. Vzd\u011bl\u00e1vac\u00ed oblast: Program navazuje a dopl\u0148uje u\u010divo obsa\u017een\u00e9 ve vzd\u011bl\u00e1vac\u00ed oblasti \u010clov\u011bk a spole\u010dnost &#8211; D\u011bjepis. Cel\u00fd program se odehr\u00e1v\u00e1 v&nbsp;kinos\u00e1le.<\/p>\n","protected":false},"author":1,"featured_media":0,"parent":46,"menu_order":14,"comment_status":"closed","ping_status":"closed","template":"","meta":{"_monsterinsights_skip_tracking":false,"_monsterinsights_sitenote_active":false,"_monsterinsights_sitenote_note":"","_monsterinsights_sitenote_category":0,"footnotes":""},"class_list":["post-263","page","type-page","status-publish","hentry"],"yoast_head":"<!-- This site is optimized with the Yoast SEO plugin v26.7 - https:\/\/yoast.com\/wordpress\/plugins\/seo\/ -->\n<title>\u0158\u00edman\u00e9 a Germ\u00e1ni u n\u00e1s - Archeopark prav\u011bku V\u0161estary<\/title>\n<meta name=\"robots\" content=\"index, follow, max-snippet:-1, max-image-preview:large, max-video-preview:-1\" \/>\n<link rel=\"canonical\" href=\"https:\/\/archeoparkvsestary.cz\/?page_id=263\" \/>\n<meta property=\"og:locale\" content=\"cs_CZ\" \/>\n<meta property=\"og:type\" content=\"article\" \/>\n<meta property=\"og:title\" content=\"\u0158\u00edman\u00e9 a Germ\u00e1ni u n\u00e1s - Archeopark prav\u011bku V\u0161estary\" \/>\n<meta property=\"og:description\" content=\"Popis programu: Program je zam\u011b\u0159en na ran\u00e9 d\u011bjiny \u0159\u00edmsk\u00e9ho c\u00edsa\u0159stv\u00ed a historii Germ\u00e1n\u016f \u017eij\u00edc\u00edch na na\u0161em \u00fazem\u00ed. V\u0161\u00edmat si budeme zejm\u00e9na kontakt\u016f obyvatel z na\u0161eho \u00fazem\u00ed s \u0158\u00edmem. Zm\u00edn\u011bna bude Marobudova \u0159\u00ed\u0161e i Markomansk\u00e9 v\u00e1lky. Zam\u011b\u0159\u00edme se na \u0159\u00edmsk\u00e9 archeologick\u00e9 doklady z na\u0161eho \u00fazem\u00ed a prohl\u00e9dneme si repliky \u0159\u00edmsk\u00e9ho vojensk\u00e9ho vybaven\u00ed. Vzd\u011bl\u00e1vac\u00ed oblast: Program navazuje a dopl\u0148uje u\u010divo obsa\u017een\u00e9 ve vzd\u011bl\u00e1vac\u00ed oblasti \u010clov\u011bk a spole\u010dnost &#8211; D\u011bjepis. Cel\u00fd program se odehr\u00e1v\u00e1 v&nbsp;kinos\u00e1le.\" \/>\n<meta property=\"og:url\" content=\"https:\/\/archeoparkvsestary.cz\/?page_id=263\" \/>\n<meta property=\"og:site_name\" content=\"Archeopark prav\u011bku V\u0161estary\" \/>\n<meta property=\"article:publisher\" content=\"https:\/\/www.facebook.com\/archeoparkvsestary\/\" \/>\n<meta property=\"article:modified_time\" content=\"2024-02-01T11:36:37+00:00\" \/>\n<meta name=\"twitter:card\" content=\"summary_large_image\" \/>\n<meta name=\"twitter:label1\" content=\"Odhadovan\u00e1 doba \u010dten\u00ed\" \/>\n\t<meta name=\"twitter:data1\" content=\"1 minuta\" \/>\n<script type=\"application\/ld+json\" class=\"yoast-schema-graph\">{\"@context\":\"https:\/\/schema.org\",\"@graph\":[{\"@type\":\"WebPage\",\"@id\":\"https:\/\/archeoparkvsestary.cz\/?page_id=263\",\"url\":\"https:\/\/archeoparkvsestary.cz\/?page_id=263\",\"name\":\"\u0158\u00edman\u00e9 a Germ\u00e1ni u n\u00e1s - Archeopark prav\u011bku V\u0161estary\",\"isPartOf\":{\"@id\":\"https:\/\/archeoparkvsestary.cz\/#website\"},\"datePublished\":\"2023-03-27T18:57:59+00:00\",\"dateModified\":\"2024-02-01T11:36:37+00:00\",\"breadcrumb\":{\"@id\":\"https:\/\/archeoparkvsestary.cz\/?page_id=263#breadcrumb\"},\"inLanguage\":\"cs\",\"potentialAction\":[{\"@type\":\"ReadAction\",\"target\":[\"https:\/\/archeoparkvsestary.cz\/?page_id=263\"]}]},{\"@type\":\"BreadcrumbList\",\"@id\":\"https:\/\/archeoparkvsestary.cz\/?page_id=263#breadcrumb\",\"itemListElement\":[{\"@type\":\"ListItem\",\"position\":1,\"name\":\"Home\",\"item\":\"https:\/\/archeoparkvsestary.cz\/\"},{\"@type\":\"ListItem\",\"position\":2,\"name\":\"Pro \u0161koly\",\"item\":\"http:\/\/archeoparkvsestary.cz\/?page_id=33\"},{\"@type\":\"ListItem\",\"position\":3,\"name\":\"Nab\u00eddka program\u016f\",\"item\":\"http:\/\/archeoparkvsestary.cz\/?page_id=46\"},{\"@type\":\"ListItem\",\"position\":4,\"name\":\"\u0158\u00edman\u00e9 a Germ\u00e1ni u n\u00e1s\"}]},{\"@type\":\"WebSite\",\"@id\":\"https:\/\/archeoparkvsestary.cz\/#website\",\"url\":\"https:\/\/archeoparkvsestary.cz\/\",\"name\":\"Archeopark prav\u011bku V\u0161estary\",\"description\":\"Archeopark prav\u011bku V\u0161estary\",\"publisher\":{\"@id\":\"https:\/\/archeoparkvsestary.cz\/#organization\"},\"potentialAction\":[{\"@type\":\"SearchAction\",\"target\":{\"@type\":\"EntryPoint\",\"urlTemplate\":\"https:\/\/archeoparkvsestary.cz\/?s={search_term_string}\"},\"query-input\":{\"@type\":\"PropertyValueSpecification\",\"valueRequired\":true,\"valueName\":\"search_term_string\"}}],\"inLanguage\":\"cs\"},{\"@type\":\"Organization\",\"@id\":\"https:\/\/archeoparkvsestary.cz\/#organization\",\"name\":\"Archeopark prav\u011bku V\u0161estary\",\"url\":\"https:\/\/archeoparkvsestary.cz\/\",\"logo\":{\"@type\":\"ImageObject\",\"inLanguage\":\"cs\",\"@id\":\"https:\/\/archeoparkvsestary.cz\/#\/schema\/logo\/image\/\",\"url\":\"https:\/\/archeoparkvsestary.cz\/wp-content\/uploads\/2023\/03\/logo_archeopark_nadoba.jpg\",\"contentUrl\":\"https:\/\/archeoparkvsestary.cz\/wp-content\/uploads\/2023\/03\/logo_archeopark_nadoba.jpg\",\"width\":300,\"height\":279,\"caption\":\"Archeopark prav\u011bku V\u0161estary\"},\"image\":{\"@id\":\"https:\/\/archeoparkvsestary.cz\/#\/schema\/logo\/image\/\"},\"sameAs\":[\"https:\/\/www.facebook.com\/archeoparkvsestary\/\"]}]}<\/script>\n<!-- \/ Yoast SEO plugin. -->","yoast_head_json":{"title":"\u0158\u00edman\u00e9 a Germ\u00e1ni u n\u00e1s - Archeopark prav\u011bku V\u0161estary","robots":{"index":"index","follow":"follow","max-snippet":"max-snippet:-1","max-image-preview":"max-image-preview:large","max-video-preview":"max-video-preview:-1"},"canonical":"https:\/\/archeoparkvsestary.cz\/?page_id=263","og_locale":"cs_CZ","og_type":"article","og_title":"\u0158\u00edman\u00e9 a Germ\u00e1ni u n\u00e1s - Archeopark prav\u011bku V\u0161estary","og_description":"Popis programu: Program je zam\u011b\u0159en na ran\u00e9 d\u011bjiny \u0159\u00edmsk\u00e9ho c\u00edsa\u0159stv\u00ed a historii Germ\u00e1n\u016f \u017eij\u00edc\u00edch na na\u0161em \u00fazem\u00ed. V\u0161\u00edmat si budeme zejm\u00e9na kontakt\u016f obyvatel z na\u0161eho \u00fazem\u00ed s \u0158\u00edmem. Zm\u00edn\u011bna bude Marobudova \u0159\u00ed\u0161e i Markomansk\u00e9 v\u00e1lky. Zam\u011b\u0159\u00edme se na \u0159\u00edmsk\u00e9 archeologick\u00e9 doklady z na\u0161eho \u00fazem\u00ed a prohl\u00e9dneme si repliky \u0159\u00edmsk\u00e9ho vojensk\u00e9ho vybaven\u00ed. Vzd\u011bl\u00e1vac\u00ed oblast: Program navazuje a dopl\u0148uje u\u010divo obsa\u017een\u00e9 ve vzd\u011bl\u00e1vac\u00ed oblasti \u010clov\u011bk a spole\u010dnost &#8211; D\u011bjepis. Cel\u00fd program se odehr\u00e1v\u00e1 v&nbsp;kinos\u00e1le.","og_url":"https:\/\/archeoparkvsestary.cz\/?page_id=263","og_site_name":"Archeopark prav\u011bku V\u0161estary","article_publisher":"https:\/\/www.facebook.com\/archeoparkvsestary\/","article_modified_time":"2024-02-01T11:36:37+00:00","twitter_card":"summary_large_image","twitter_misc":{"Odhadovan\u00e1 doba \u010dten\u00ed":"1 minuta"},"schema":{"@context":"https:\/\/schema.org","@graph":[{"@type":"WebPage","@id":"https:\/\/archeoparkvsestary.cz\/?page_id=263","url":"https:\/\/archeoparkvsestary.cz\/?page_id=263","name":"\u0158\u00edman\u00e9 a Germ\u00e1ni u n\u00e1s - Archeopark prav\u011bku V\u0161estary","isPartOf":{"@id":"https:\/\/archeoparkvsestary.cz\/#website"},"datePublished":"2023-03-27T18:57:59+00:00","dateModified":"2024-02-01T11:36:37+00:00","breadcrumb":{"@id":"https:\/\/archeoparkvsestary.cz\/?page_id=263#breadcrumb"},"inLanguage":"cs","potentialAction":[{"@type":"ReadAction","target":["https:\/\/archeoparkvsestary.cz\/?page_id=263"]}]},{"@type":"BreadcrumbList","@id":"https:\/\/archeoparkvsestary.cz\/?page_id=263#breadcrumb","itemListElement":[{"@type":"ListItem","position":1,"name":"Home","item":"https:\/\/archeoparkvsestary.cz\/"},{"@type":"ListItem","position":2,"name":"Pro \u0161koly","item":"http:\/\/archeoparkvsestary.cz\/?page_id=33"},{"@type":"ListItem","position":3,"name":"Nab\u00eddka program\u016f","item":"http:\/\/archeoparkvsestary.cz\/?page_id=46"},{"@type":"ListItem","position":4,"name":"\u0158\u00edman\u00e9 a Germ\u00e1ni u n\u00e1s"}]},{"@type":"WebSite","@id":"https:\/\/archeoparkvsestary.cz\/#website","url":"https:\/\/archeoparkvsestary.cz\/","name":"Archeopark prav\u011bku V\u0161estary","description":"Archeopark prav\u011bku V\u0161estary","publisher":{"@id":"https:\/\/archeoparkvsestary.cz\/#organization"},"potentialAction":[{"@type":"SearchAction","target":{"@type":"EntryPoint","urlTemplate":"https:\/\/archeoparkvsestary.cz\/?s={search_term_string}"},"query-input":{"@type":"PropertyValueSpecification","valueRequired":true,"valueName":"search_term_string"}}],"inLanguage":"cs"},{"@type":"Organization","@id":"https:\/\/archeoparkvsestary.cz\/#organization","name":"Archeopark prav\u011bku V\u0161estary","url":"https:\/\/archeoparkvsestary.cz\/","logo":{"@type":"ImageObject","inLanguage":"cs","@id":"https:\/\/archeoparkvsestary.cz\/#\/schema\/logo\/image\/","url":"https:\/\/archeoparkvsestary.cz\/wp-content\/uploads\/2023\/03\/logo_archeopark_nadoba.jpg","contentUrl":"https:\/\/archeoparkvsestary.cz\/wp-content\/uploads\/2023\/03\/logo_archeopark_nadoba.jpg","width":300,"height":279,"caption":"Archeopark prav\u011bku V\u0161estary"},"image":{"@id":"https:\/\/archeoparkvsestary.cz\/#\/schema\/logo\/image\/"},"sameAs":["https:\/\/www.facebook.com\/archeoparkvsestary\/"]}]}},"_links":{"self":[{"href":"https:\/\/archeoparkvsestary.cz\/index.php?rest_route=\/wp\/v2\/pages\/263","targetHints":{"allow":["GET"]}}],"collection":[{"href":"https:\/\/archeoparkvsestary.cz\/index.php?rest_route=\/wp\/v2\/pages"}],"about":[{"href":"https:\/\/archeoparkvsestary.cz\/index.php?rest_route=\/wp\/v2\/types\/page"}],"author":[{"embeddable":true,"href":"https:\/\/archeoparkvsestary.cz\/index.php?rest_route=\/wp\/v2\/users\/1"}],"replies":[{"embeddable":true,"href":"https:\/\/archeoparkvsestary.cz\/index.php?rest_route=%2Fwp%2Fv2%2Fcomments&post=263"}],"version-history":[{"count":5,"href":"https:\/\/archeoparkvsestary.cz\/index.php?rest_route=\/wp\/v2\/pages\/263\/revisions"}],"predecessor-version":[{"id":1511,"href":"https:\/\/archeoparkvsestary.cz\/index.php?rest_route=\/wp\/v2\/pages\/263\/revisions\/1511"}],"up":[{"embeddable":true,"href":"https:\/\/archeoparkvsestary.cz\/index.php?rest_route=\/wp\/v2\/pages\/46"}],"wp:attachment":[{"href":"https:\/\/archeoparkvsestary.cz\/index.php?rest_route=%2Fwp%2Fv2%2Fmedia&parent=263"}],"curies":[{"name":"wp","href":"https:\/\/api.w.org\/{rel}","templated":true}]}}