{"id":99,"date":"2023-03-27T14:11:07","date_gmt":"2023-03-27T12:11:07","guid":{"rendered":"https:\/\/archeoparkvsestary.cz\/?page_id=99"},"modified":"2026-01-15T13:03:40","modified_gmt":"2026-01-15T12:03:40","slug":"o-archeoparku","status":"publish","type":"page","link":"https:\/\/archeoparkvsestary.cz\/?page_id=99","title":{"rendered":"O Archeoparku"},"content":{"rendered":"\n<p class=\"has-text-align-center has-text-color has-medium-font-size\" style=\"color:#e04e2d\"><strong>Co tvo\u0159\u00ed archeopark?<\/strong><\/p>\n\n\n\n<p class=\"has-text-color has-medium-font-size\" style=\"color:#e04e2d\"><strong>1.  hlavn\u00ed budova expozice<\/strong><\/p>\n\n\n\n<p><strong>P\u0159\u00edzem\u00ed<\/strong>&nbsp;tvo\u0159\u00ed expozice nazvan\u00e1 \u201ePodzem\u00ed\u201c \u010di \u201ePodsv\u011bt\u00ed\u201c, tedy tajupln\u00fd sv\u011bt z pohledu prav\u011bk\u00fdch lid\u00ed. Najdete zde jeskyni s malbami, akv\u00e1rium s archeologick\u00fdmi n\u00e1lezy, pazourkov\u00e9 doly, megalitickou hrobku, uk\u00e1zky poh\u0159b\u00edv\u00e1n\u00ed z na\u0161eho \u00fazem\u00ed a depoty (\u201epoklady\u201c). Z\u00e1rove\u0148 se zde dozv\u00edte, jak\u00fdm zp\u016fsobem z\u00edsk\u00e1v\u00e1 archeolog informace o na\u0161ich p\u0159edc\u00edch.<br><strong>Prvn\u00ed patro<\/strong>&nbsp;obsahuje expozici \u201e\u017divot v prav\u011bku\u201c. Na\u0161i p\u0159edstavu o b\u011b\u017en\u00e9m \u017eivot\u011b prav\u011bk\u00fdch lid\u00ed V\u00e1m p\u0159ibl\u00ed\u017e\u00ed jednak obrovsk\u00fd model prav\u011bk\u00e9 krajiny, ale tak\u00e9 t\u00e9matick\u00e9 panely s replikami n\u00e1stroj\u016f.<br><strong>Druh\u00e9 patro<\/strong>&nbsp;naz\u00fdv\u00e1me \u201eNebe\u201c, kter\u00e9 prav\u011bc\u00ed lid\u00e9 jist\u011b vn\u00edmali. O tom sv\u011bd\u010d\u00ed mnoh\u00e9 archeologick\u00e9 n\u00e1lezy. Dnes pohledu z nebe dol\u016f vyu\u017e\u00edv\u00e1 tzv. leteck\u00e1 archeologie. Vy zde z pta\u010d\u00ed perspektivy uvid\u00edte prav\u011bkou krajinu na modelu o patro n\u00ed\u017ee. Ve t\u0159et\u00edm pat\u0159e se nach\u00e1z\u00ed i p\u0159ehled cel\u00e9ho prav\u011bku \u010cech a Moravy uk\u00e1zan\u00fd jak v obrazech Libora Bal\u00e1ka, tak pomoc\u00ed replik a kopi\u00ed artefakt\u016f.<br><strong>Prom\u00edtac\u00ed s\u00e1l<\/strong>&nbsp;s programy dle t\u00e9mat nebo prob\u00edhaj\u00edc\u00edch akc\u00ed.<br><strong>Didaktick\u00e1 d\u00edlna<\/strong>&nbsp;se skl\u00e1da\u010dkami a hmatov\u00fdm boxem.<br><strong>V\u00fdstavn\u00ed s\u00e1l<\/strong>&nbsp;s aktu\u00e1ln\u00ed v\u00fdstavou s vybran\u00fdm t\u00e9matem prav\u011bku.<\/p>\n\n\n\n<div style=\"height:20px\" aria-hidden=\"true\" class=\"wp-block-spacer\"><\/div>\n\n\n\n<div class=\"wp-block-group\"><div class=\"wp-block-group__inner-container is-layout-constrained wp-block-group-is-layout-constrained\"><div class=\"wp-block-image\">\n<figure class=\"aligncenter size-full\"><img loading=\"lazy\" decoding=\"async\" width=\"750\" height=\"150\" src=\"http:\/\/archeoparkvsestary.cz\/wp-content\/uploads\/2023\/11\/budova_expozice.jpg\" alt=\"\" class=\"wp-image-1303\" srcset=\"https:\/\/archeoparkvsestary.cz\/wp-content\/uploads\/2023\/11\/budova_expozice.jpg 750w, https:\/\/archeoparkvsestary.cz\/wp-content\/uploads\/2023\/11\/budova_expozice-300x60.jpg 300w\" sizes=\"auto, (max-width: 750px) 100vw, 750px\" \/><\/figure>\n<\/div><\/div><\/div>\n\n\n\n<div style=\"height:40px\" aria-hidden=\"true\" class=\"wp-block-spacer\"><\/div>\n\n\n<div class=\"wp-block-image\">\n<figure class=\"aligncenter size-full\"><img loading=\"lazy\" decoding=\"async\" width=\"750\" height=\"860\" src=\"http:\/\/archeoparkvsestary.cz\/wp-content\/uploads\/2023\/11\/plan_budovy.jpg\" alt=\"\" class=\"wp-image-1312\" srcset=\"https:\/\/archeoparkvsestary.cz\/wp-content\/uploads\/2023\/11\/plan_budovy.jpg 750w, https:\/\/archeoparkvsestary.cz\/wp-content\/uploads\/2023\/11\/plan_budovy-262x300.jpg 262w\" sizes=\"auto, (max-width: 750px) 100vw, 750px\" \/><\/figure>\n<\/div>\n\n\n<div style=\"height:40px\" aria-hidden=\"true\" class=\"wp-block-spacer\"><\/div>\n\n\n\n<p class=\"has-text-color has-medium-font-size\" style=\"color:#e04e2d\"><strong>2. nov\u00e1 budova expozice<\/strong><\/p>\n\n\n\n<p><strong>Zahrnuje dv\u011b nov\u00e9 expozice<\/strong>, kter\u00e9 hojn\u011b vyu\u017e\u00edvaj\u00ed\u00a0audiovizu\u00e1ln\u00ed techniku. D\u00edky n\u00ed si n\u00e1v\u0161t\u011bvn\u00edci prohl\u00e9dnou experimenty a aktivity, kter\u00fdch by se jinak nemohli z\u00fa\u010dastnit.<br><strong>Prvn\u00ed expozice<\/strong> je v\u011bnovan\u00e1\u00a0archeologick\u00fdm experiment\u016fm\u00a0expedic Monoxylon. Rekapituluje jejich odborn\u00e9 v\u00fdsledky a p\u0159ibli\u017euje n\u00e1v\u0161t\u011bvn\u00edk\u016fm detaily t\u011bchto unik\u00e1tn\u00edch cest.<br><strong>Druh\u00e1 expozice<\/strong>, nazvan\u00e1 \u201e\u017divot kamenn\u00e9 sekery\u201c, vznikala v Archeoparku cel\u00fdch 8 let. P\u0159edstavuje objevov\u00e1n\u00ed dosud nezn\u00e1m\u00fdch\u00a0technologi\u00ed v\u00fdroby a pou\u017eit\u00ed kamenn\u00fdch brou\u0161en\u00fdch seker\u00a0z obdob\u00ed mlad\u0161\u00ed a pozdn\u00ed doby kamenn\u00e9.<br>Z\u00e1zem\u00ed budovy dopl\u0148uj\u00ed <strong>dv\u011b didaktick\u00e9 d\u00edlny<\/strong>, ur\u010den\u00e9 pro vzd\u011bl\u00e1vac\u00ed programy a \u0161koln\u00ed exkurze.<\/p>\n\n\n\n<div style=\"height:20px\" aria-hidden=\"true\" class=\"wp-block-spacer\"><\/div>\n\n\n<div class=\"wp-block-image\">\n<figure class=\"aligncenter size-full\"><img loading=\"lazy\" decoding=\"async\" width=\"564\" height=\"125\" src=\"http:\/\/archeoparkvsestary.cz\/wp-content\/uploads\/2026\/01\/nova_budova_expozice.jpg\" alt=\"\" class=\"wp-image-2447\" srcset=\"https:\/\/archeoparkvsestary.cz\/wp-content\/uploads\/2026\/01\/nova_budova_expozice.jpg 564w, https:\/\/archeoparkvsestary.cz\/wp-content\/uploads\/2026\/01\/nova_budova_expozice-300x66.jpg 300w\" sizes=\"auto, (max-width: 564px) 100vw, 564px\" \/><\/figure>\n<\/div>\n\n\n<div style=\"height:40px\" aria-hidden=\"true\" class=\"wp-block-spacer\"><\/div>\n\n\n\n<p class=\"has-text-color has-medium-font-size\" style=\"color:#e04e2d\"><strong>3. venkovn\u00ed prav\u011bk\u00e1 vesnice<\/strong><\/p>\n\n\n\n<p>Cel\u00fd are\u00e1l Archeoparku tvo\u0159\u00ed nejen budova expozice, ale i jeho venkovn\u00ed \u010d\u00e1st, tzv. muzeum pod \u0161ir\u00fdm nebem s konstrukcemi prav\u011bk\u00fdch budov z doby kamenn\u00e9, bronzov\u00e9 a \u017eelezn\u00e9.<\/p>\n\n\n\n<div style=\"height:20px\" aria-hidden=\"true\" class=\"wp-block-spacer\"><\/div>\n\n\n<div class=\"wp-block-image\">\n<figure class=\"aligncenter size-full\"><img loading=\"lazy\" decoding=\"async\" width=\"750\" height=\"125\" src=\"http:\/\/archeoparkvsestary.cz\/wp-content\/uploads\/2023\/11\/venkovni_areal.jpg\" alt=\"\" class=\"wp-image-1307\" srcset=\"https:\/\/archeoparkvsestary.cz\/wp-content\/uploads\/2023\/11\/venkovni_areal.jpg 750w, https:\/\/archeoparkvsestary.cz\/wp-content\/uploads\/2023\/11\/venkovni_areal-300x50.jpg 300w\" sizes=\"auto, (max-width: 750px) 100vw, 750px\" \/><\/figure>\n<\/div>\n\n\n<div style=\"height:40px\" aria-hidden=\"true\" class=\"wp-block-spacer\"><\/div>\n\n\n\n<p class=\"has-text-color has-medium-font-size\" style=\"color:#e04e2d\"><strong>4. Archeocyklotrasa<\/strong><\/p>\n\n\n\n<p>Archeocyklotrasa z Hradce Kr\u00e1lov\u00e9 do Smi\u0159ic V\u00e1s zavede na m\u00edsta v\u00fdznamn\u00fdch archeologick\u00fdch lokalit okol\u00ed Hradce, na kter\u00e9 V\u00e1s upozorn\u00ed \u010dtrn\u00e1ct informa\u010dn\u00edch tabul\u00ed. Archeopark V\u0161estary je \u0161estou zast\u00e1vkou cyklotrasy.<\/p>\n\n\n\n<div style=\"height:20px\" aria-hidden=\"true\" class=\"wp-block-spacer\"><\/div>\n\n\n<div class=\"wp-block-image\">\n<figure class=\"aligncenter size-full\"><img loading=\"lazy\" decoding=\"async\" width=\"443\" height=\"643\" src=\"http:\/\/archeoparkvsestary.cz\/wp-content\/uploads\/2023\/03\/archeocyklotrasa.jpg\" alt=\"\" class=\"wp-image-343\" srcset=\"https:\/\/archeoparkvsestary.cz\/wp-content\/uploads\/2023\/03\/archeocyklotrasa.jpg 443w, https:\/\/archeoparkvsestary.cz\/wp-content\/uploads\/2023\/03\/archeocyklotrasa-207x300.jpg 207w\" sizes=\"auto, (max-width: 443px) 100vw, 443px\" \/><\/figure>\n<\/div>\n\n\n<div style=\"height:40px\" aria-hidden=\"true\" class=\"wp-block-spacer\"><\/div>\n","protected":false},"excerpt":{"rendered":"<p>Co tvo\u0159\u00ed archeopark? 1. hlavn\u00ed budova expozice P\u0159\u00edzem\u00ed&nbsp;tvo\u0159\u00ed expozice nazvan\u00e1 \u201ePodzem\u00ed\u201c \u010di \u201ePodsv\u011bt\u00ed\u201c, tedy tajupln\u00fd sv\u011bt z pohledu prav\u011bk\u00fdch lid\u00ed. Najdete zde jeskyni s malbami, akv\u00e1rium s archeologick\u00fdmi n\u00e1lezy, pazourkov\u00e9 doly, megalitickou hrobku, uk\u00e1zky poh\u0159b\u00edv\u00e1n\u00ed z na\u0161eho \u00fazem\u00ed a depoty (\u201epoklady\u201c). Z\u00e1rove\u0148 se zde dozv\u00edte, jak\u00fdm zp\u016fsobem z\u00edsk\u00e1v\u00e1 archeolog informace o na\u0161ich p\u0159edc\u00edch.Prvn\u00ed patro&nbsp;obsahuje expozici \u201e\u017divot v prav\u011bku\u201c. Na\u0161i p\u0159edstavu o b\u011b\u017en\u00e9m \u017eivot\u011b prav\u011bk\u00fdch lid\u00ed V\u00e1m p\u0159ibl\u00ed\u017e\u00ed jednak obrovsk\u00fd model prav\u011bk\u00e9 krajiny, ale tak\u00e9 t\u00e9matick\u00e9 panely s replikami n\u00e1stroj\u016f.Druh\u00e9 patro&nbsp;naz\u00fdv\u00e1me \u201eNebe\u201c, kter\u00e9 prav\u011bc\u00ed lid\u00e9 jist\u011b vn\u00edmali. O tom sv\u011bd\u010d\u00ed mnoh\u00e9 archeologick\u00e9 n\u00e1lezy. Dnes pohledu z nebe dol\u016f vyu\u017e\u00edv\u00e1 tzv. leteck\u00e1 archeologie. Vy zde z pta\u010d\u00ed perspektivy uvid\u00edte prav\u011bkou krajinu na modelu o patro n\u00ed\u017ee. Ve t\u0159et\u00edm pat\u0159e se nach\u00e1z\u00ed i p\u0159ehled cel\u00e9ho prav\u011bku \u010cech a Moravy uk\u00e1zan\u00fd jak v obrazech Libora Bal\u00e1ka, tak pomoc\u00ed replik a kopi\u00ed artefakt\u016f.Prom\u00edtac\u00ed s\u00e1l&nbsp;s programy dle t\u00e9mat nebo prob\u00edhaj\u00edc\u00edch akc\u00ed.Didaktick\u00e1 d\u00edlna&nbsp;se skl\u00e1da\u010dkami a hmatov\u00fdm boxem.V\u00fdstavn\u00ed s\u00e1l&nbsp;s aktu\u00e1ln\u00ed v\u00fdstavou s vybran\u00fdm t\u00e9matem prav\u011bku. 2. nov\u00e1 budova expozice Zahrnuje dv\u011b nov\u00e9 expozice, kter\u00e9 hojn\u011b vyu\u017e\u00edvaj\u00ed\u00a0audiovizu\u00e1ln\u00ed techniku. D\u00edky n\u00ed si n\u00e1v\u0161t\u011bvn\u00edci prohl\u00e9dnou experimenty a aktivity, kter\u00fdch by se jinak nemohli z\u00fa\u010dastnit.Prvn\u00ed expozice je v\u011bnovan\u00e1\u00a0archeologick\u00fdm experiment\u016fm\u00a0expedic Monoxylon. Rekapituluje jejich odborn\u00e9 v\u00fdsledky a p\u0159ibli\u017euje n\u00e1v\u0161t\u011bvn\u00edk\u016fm detaily t\u011bchto unik\u00e1tn\u00edch cest.Druh\u00e1 expozice, nazvan\u00e1 \u201e\u017divot kamenn\u00e9 sekery\u201c, vznikala v Archeoparku cel\u00fdch 8 let. P\u0159edstavuje objevov\u00e1n\u00ed dosud nezn\u00e1m\u00fdch\u00a0technologi\u00ed v\u00fdroby a pou\u017eit\u00ed kamenn\u00fdch brou\u0161en\u00fdch seker\u00a0z obdob\u00ed mlad\u0161\u00ed a pozdn\u00ed doby kamenn\u00e9.Z\u00e1zem\u00ed budovy dopl\u0148uj\u00ed dv\u011b didaktick\u00e9 d\u00edlny, ur\u010den\u00e9 pro vzd\u011bl\u00e1vac\u00ed programy a \u0161koln\u00ed exkurze. 3. venkovn\u00ed prav\u011bk\u00e1 vesnice Cel\u00fd are\u00e1l Archeoparku tvo\u0159\u00ed nejen budova expozice, ale i jeho venkovn\u00ed \u010d\u00e1st, tzv. muzeum pod \u0161ir\u00fdm nebem s konstrukcemi prav\u011bk\u00fdch budov z doby kamenn\u00e9, bronzov\u00e9 a \u017eelezn\u00e9. 4. Archeocyklotrasa Archeocyklotrasa z Hradce Kr\u00e1lov\u00e9 do Smi\u0159ic V\u00e1s zavede na m\u00edsta v\u00fdznamn\u00fdch archeologick\u00fdch lokalit okol\u00ed Hradce, na kter\u00e9 V\u00e1s upozorn\u00ed \u010dtrn\u00e1ct informa\u010dn\u00edch tabul\u00ed. Archeopark V\u0161estary je \u0161estou zast\u00e1vkou cyklotrasy.<\/p>\n","protected":false},"author":1,"featured_media":0,"parent":26,"menu_order":1,"comment_status":"closed","ping_status":"closed","template":"","meta":{"_monsterinsights_skip_tracking":false,"_monsterinsights_sitenote_active":false,"_monsterinsights_sitenote_note":"","_monsterinsights_sitenote_category":0,"footnotes":""},"class_list":["post-99","page","type-page","status-publish","hentry"],"yoast_head":"<!-- This site is optimized with the Yoast SEO plugin v26.7 - https:\/\/yoast.com\/wordpress\/plugins\/seo\/ -->\n<title>O Archeoparku - Archeopark prav\u011bku V\u0161estary<\/title>\n<meta name=\"robots\" content=\"index, follow, max-snippet:-1, max-image-preview:large, max-video-preview:-1\" \/>\n<link rel=\"canonical\" href=\"https:\/\/archeoparkvsestary.cz\/?page_id=99\" \/>\n<meta property=\"og:locale\" content=\"cs_CZ\" \/>\n<meta property=\"og:type\" content=\"article\" \/>\n<meta property=\"og:title\" content=\"O Archeoparku - Archeopark prav\u011bku V\u0161estary\" \/>\n<meta property=\"og:description\" content=\"Co tvo\u0159\u00ed archeopark? 1. hlavn\u00ed budova expozice P\u0159\u00edzem\u00ed&nbsp;tvo\u0159\u00ed expozice nazvan\u00e1 \u201ePodzem\u00ed\u201c \u010di \u201ePodsv\u011bt\u00ed\u201c, tedy tajupln\u00fd sv\u011bt z pohledu prav\u011bk\u00fdch lid\u00ed. Najdete zde jeskyni s malbami, akv\u00e1rium s archeologick\u00fdmi n\u00e1lezy, pazourkov\u00e9 doly, megalitickou hrobku, uk\u00e1zky poh\u0159b\u00edv\u00e1n\u00ed z na\u0161eho \u00fazem\u00ed a depoty (\u201epoklady\u201c). Z\u00e1rove\u0148 se zde dozv\u00edte, jak\u00fdm zp\u016fsobem z\u00edsk\u00e1v\u00e1 archeolog informace o na\u0161ich p\u0159edc\u00edch.Prvn\u00ed patro&nbsp;obsahuje expozici \u201e\u017divot v prav\u011bku\u201c. Na\u0161i p\u0159edstavu o b\u011b\u017en\u00e9m \u017eivot\u011b prav\u011bk\u00fdch lid\u00ed V\u00e1m p\u0159ibl\u00ed\u017e\u00ed jednak obrovsk\u00fd model prav\u011bk\u00e9 krajiny, ale tak\u00e9 t\u00e9matick\u00e9 panely s replikami n\u00e1stroj\u016f.Druh\u00e9 patro&nbsp;naz\u00fdv\u00e1me \u201eNebe\u201c, kter\u00e9 prav\u011bc\u00ed lid\u00e9 jist\u011b vn\u00edmali. O tom sv\u011bd\u010d\u00ed mnoh\u00e9 archeologick\u00e9 n\u00e1lezy. Dnes pohledu z nebe dol\u016f vyu\u017e\u00edv\u00e1 tzv. leteck\u00e1 archeologie. Vy zde z pta\u010d\u00ed perspektivy uvid\u00edte prav\u011bkou krajinu na modelu o patro n\u00ed\u017ee. Ve t\u0159et\u00edm pat\u0159e se nach\u00e1z\u00ed i p\u0159ehled cel\u00e9ho prav\u011bku \u010cech a Moravy uk\u00e1zan\u00fd jak v obrazech Libora Bal\u00e1ka, tak pomoc\u00ed replik a kopi\u00ed artefakt\u016f.Prom\u00edtac\u00ed s\u00e1l&nbsp;s programy dle t\u00e9mat nebo prob\u00edhaj\u00edc\u00edch akc\u00ed.Didaktick\u00e1 d\u00edlna&nbsp;se skl\u00e1da\u010dkami a hmatov\u00fdm boxem.V\u00fdstavn\u00ed s\u00e1l&nbsp;s aktu\u00e1ln\u00ed v\u00fdstavou s vybran\u00fdm t\u00e9matem prav\u011bku. 2. nov\u00e1 budova expozice Zahrnuje dv\u011b nov\u00e9 expozice, kter\u00e9 hojn\u011b vyu\u017e\u00edvaj\u00ed\u00a0audiovizu\u00e1ln\u00ed techniku. D\u00edky n\u00ed si n\u00e1v\u0161t\u011bvn\u00edci prohl\u00e9dnou experimenty a aktivity, kter\u00fdch by se jinak nemohli z\u00fa\u010dastnit.Prvn\u00ed expozice je v\u011bnovan\u00e1\u00a0archeologick\u00fdm experiment\u016fm\u00a0expedic Monoxylon. Rekapituluje jejich odborn\u00e9 v\u00fdsledky a p\u0159ibli\u017euje n\u00e1v\u0161t\u011bvn\u00edk\u016fm detaily t\u011bchto unik\u00e1tn\u00edch cest.Druh\u00e1 expozice, nazvan\u00e1 \u201e\u017divot kamenn\u00e9 sekery\u201c, vznikala v Archeoparku cel\u00fdch 8 let. P\u0159edstavuje objevov\u00e1n\u00ed dosud nezn\u00e1m\u00fdch\u00a0technologi\u00ed v\u00fdroby a pou\u017eit\u00ed kamenn\u00fdch brou\u0161en\u00fdch seker\u00a0z obdob\u00ed mlad\u0161\u00ed a pozdn\u00ed doby kamenn\u00e9.Z\u00e1zem\u00ed budovy dopl\u0148uj\u00ed dv\u011b didaktick\u00e9 d\u00edlny, ur\u010den\u00e9 pro vzd\u011bl\u00e1vac\u00ed programy a \u0161koln\u00ed exkurze. 3. venkovn\u00ed prav\u011bk\u00e1 vesnice Cel\u00fd are\u00e1l Archeoparku tvo\u0159\u00ed nejen budova expozice, ale i jeho venkovn\u00ed \u010d\u00e1st, tzv. muzeum pod \u0161ir\u00fdm nebem s konstrukcemi prav\u011bk\u00fdch budov z doby kamenn\u00e9, bronzov\u00e9 a \u017eelezn\u00e9. 4. Archeocyklotrasa Archeocyklotrasa z Hradce Kr\u00e1lov\u00e9 do Smi\u0159ic V\u00e1s zavede na m\u00edsta v\u00fdznamn\u00fdch archeologick\u00fdch lokalit okol\u00ed Hradce, na kter\u00e9 V\u00e1s upozorn\u00ed \u010dtrn\u00e1ct informa\u010dn\u00edch tabul\u00ed. Archeopark V\u0161estary je \u0161estou zast\u00e1vkou cyklotrasy.\" \/>\n<meta property=\"og:url\" content=\"https:\/\/archeoparkvsestary.cz\/?page_id=99\" \/>\n<meta property=\"og:site_name\" content=\"Archeopark prav\u011bku V\u0161estary\" \/>\n<meta property=\"article:publisher\" content=\"https:\/\/www.facebook.com\/archeoparkvsestary\/\" \/>\n<meta property=\"article:modified_time\" content=\"2026-01-15T12:03:40+00:00\" \/>\n<meta property=\"og:image\" content=\"http:\/\/archeoparkvsestary.cz\/wp-content\/uploads\/2023\/11\/budova_expozice.jpg\" \/>\n<meta name=\"twitter:card\" content=\"summary_large_image\" \/>\n<meta name=\"twitter:label1\" content=\"Odhadovan\u00e1 doba \u010dten\u00ed\" \/>\n\t<meta name=\"twitter:data1\" content=\"3 minuty\" \/>\n<script type=\"application\/ld+json\" class=\"yoast-schema-graph\">{\"@context\":\"https:\/\/schema.org\",\"@graph\":[{\"@type\":\"WebPage\",\"@id\":\"https:\/\/archeoparkvsestary.cz\/?page_id=99\",\"url\":\"https:\/\/archeoparkvsestary.cz\/?page_id=99\",\"name\":\"O Archeoparku - Archeopark prav\u011bku V\u0161estary\",\"isPartOf\":{\"@id\":\"https:\/\/archeoparkvsestary.cz\/#website\"},\"primaryImageOfPage\":{\"@id\":\"https:\/\/archeoparkvsestary.cz\/?page_id=99#primaryimage\"},\"image\":{\"@id\":\"https:\/\/archeoparkvsestary.cz\/?page_id=99#primaryimage\"},\"thumbnailUrl\":\"http:\/\/archeoparkvsestary.cz\/wp-content\/uploads\/2023\/11\/budova_expozice.jpg\",\"datePublished\":\"2023-03-27T12:11:07+00:00\",\"dateModified\":\"2026-01-15T12:03:40+00:00\",\"breadcrumb\":{\"@id\":\"https:\/\/archeoparkvsestary.cz\/?page_id=99#breadcrumb\"},\"inLanguage\":\"cs\",\"potentialAction\":[{\"@type\":\"ReadAction\",\"target\":[\"https:\/\/archeoparkvsestary.cz\/?page_id=99\"]}]},{\"@type\":\"ImageObject\",\"inLanguage\":\"cs\",\"@id\":\"https:\/\/archeoparkvsestary.cz\/?page_id=99#primaryimage\",\"url\":\"https:\/\/archeoparkvsestary.cz\/wp-content\/uploads\/2023\/11\/budova_expozice.jpg\",\"contentUrl\":\"https:\/\/archeoparkvsestary.cz\/wp-content\/uploads\/2023\/11\/budova_expozice.jpg\",\"width\":750,\"height\":150},{\"@type\":\"BreadcrumbList\",\"@id\":\"https:\/\/archeoparkvsestary.cz\/?page_id=99#breadcrumb\",\"itemListElement\":[{\"@type\":\"ListItem\",\"position\":1,\"name\":\"Home\",\"item\":\"https:\/\/archeoparkvsestary.cz\/\"},{\"@type\":\"ListItem\",\"position\":2,\"name\":\"Archeopark\",\"item\":\"http:\/\/archeoparkvsestary.cz\/?page_id=26\"},{\"@type\":\"ListItem\",\"position\":3,\"name\":\"O Archeoparku\"}]},{\"@type\":\"WebSite\",\"@id\":\"https:\/\/archeoparkvsestary.cz\/#website\",\"url\":\"https:\/\/archeoparkvsestary.cz\/\",\"name\":\"Archeopark prav\u011bku V\u0161estary\",\"description\":\"Archeopark prav\u011bku V\u0161estary\",\"publisher\":{\"@id\":\"https:\/\/archeoparkvsestary.cz\/#organization\"},\"potentialAction\":[{\"@type\":\"SearchAction\",\"target\":{\"@type\":\"EntryPoint\",\"urlTemplate\":\"https:\/\/archeoparkvsestary.cz\/?s={search_term_string}\"},\"query-input\":{\"@type\":\"PropertyValueSpecification\",\"valueRequired\":true,\"valueName\":\"search_term_string\"}}],\"inLanguage\":\"cs\"},{\"@type\":\"Organization\",\"@id\":\"https:\/\/archeoparkvsestary.cz\/#organization\",\"name\":\"Archeopark prav\u011bku V\u0161estary\",\"url\":\"https:\/\/archeoparkvsestary.cz\/\",\"logo\":{\"@type\":\"ImageObject\",\"inLanguage\":\"cs\",\"@id\":\"https:\/\/archeoparkvsestary.cz\/#\/schema\/logo\/image\/\",\"url\":\"https:\/\/archeoparkvsestary.cz\/wp-content\/uploads\/2023\/03\/logo_archeopark_nadoba.jpg\",\"contentUrl\":\"https:\/\/archeoparkvsestary.cz\/wp-content\/uploads\/2023\/03\/logo_archeopark_nadoba.jpg\",\"width\":300,\"height\":279,\"caption\":\"Archeopark prav\u011bku V\u0161estary\"},\"image\":{\"@id\":\"https:\/\/archeoparkvsestary.cz\/#\/schema\/logo\/image\/\"},\"sameAs\":[\"https:\/\/www.facebook.com\/archeoparkvsestary\/\"]}]}<\/script>\n<!-- \/ Yoast SEO plugin. -->","yoast_head_json":{"title":"O Archeoparku - Archeopark prav\u011bku V\u0161estary","robots":{"index":"index","follow":"follow","max-snippet":"max-snippet:-1","max-image-preview":"max-image-preview:large","max-video-preview":"max-video-preview:-1"},"canonical":"https:\/\/archeoparkvsestary.cz\/?page_id=99","og_locale":"cs_CZ","og_type":"article","og_title":"O Archeoparku - Archeopark prav\u011bku V\u0161estary","og_description":"Co tvo\u0159\u00ed archeopark? 1. hlavn\u00ed budova expozice P\u0159\u00edzem\u00ed&nbsp;tvo\u0159\u00ed expozice nazvan\u00e1 \u201ePodzem\u00ed\u201c \u010di \u201ePodsv\u011bt\u00ed\u201c, tedy tajupln\u00fd sv\u011bt z pohledu prav\u011bk\u00fdch lid\u00ed. Najdete zde jeskyni s malbami, akv\u00e1rium s archeologick\u00fdmi n\u00e1lezy, pazourkov\u00e9 doly, megalitickou hrobku, uk\u00e1zky poh\u0159b\u00edv\u00e1n\u00ed z na\u0161eho \u00fazem\u00ed a depoty (\u201epoklady\u201c). Z\u00e1rove\u0148 se zde dozv\u00edte, jak\u00fdm zp\u016fsobem z\u00edsk\u00e1v\u00e1 archeolog informace o na\u0161ich p\u0159edc\u00edch.Prvn\u00ed patro&nbsp;obsahuje expozici \u201e\u017divot v prav\u011bku\u201c. Na\u0161i p\u0159edstavu o b\u011b\u017en\u00e9m \u017eivot\u011b prav\u011bk\u00fdch lid\u00ed V\u00e1m p\u0159ibl\u00ed\u017e\u00ed jednak obrovsk\u00fd model prav\u011bk\u00e9 krajiny, ale tak\u00e9 t\u00e9matick\u00e9 panely s replikami n\u00e1stroj\u016f.Druh\u00e9 patro&nbsp;naz\u00fdv\u00e1me \u201eNebe\u201c, kter\u00e9 prav\u011bc\u00ed lid\u00e9 jist\u011b vn\u00edmali. O tom sv\u011bd\u010d\u00ed mnoh\u00e9 archeologick\u00e9 n\u00e1lezy. Dnes pohledu z nebe dol\u016f vyu\u017e\u00edv\u00e1 tzv. leteck\u00e1 archeologie. Vy zde z pta\u010d\u00ed perspektivy uvid\u00edte prav\u011bkou krajinu na modelu o patro n\u00ed\u017ee. Ve t\u0159et\u00edm pat\u0159e se nach\u00e1z\u00ed i p\u0159ehled cel\u00e9ho prav\u011bku \u010cech a Moravy uk\u00e1zan\u00fd jak v obrazech Libora Bal\u00e1ka, tak pomoc\u00ed replik a kopi\u00ed artefakt\u016f.Prom\u00edtac\u00ed s\u00e1l&nbsp;s programy dle t\u00e9mat nebo prob\u00edhaj\u00edc\u00edch akc\u00ed.Didaktick\u00e1 d\u00edlna&nbsp;se skl\u00e1da\u010dkami a hmatov\u00fdm boxem.V\u00fdstavn\u00ed s\u00e1l&nbsp;s aktu\u00e1ln\u00ed v\u00fdstavou s vybran\u00fdm t\u00e9matem prav\u011bku. 2. nov\u00e1 budova expozice Zahrnuje dv\u011b nov\u00e9 expozice, kter\u00e9 hojn\u011b vyu\u017e\u00edvaj\u00ed\u00a0audiovizu\u00e1ln\u00ed techniku. D\u00edky n\u00ed si n\u00e1v\u0161t\u011bvn\u00edci prohl\u00e9dnou experimenty a aktivity, kter\u00fdch by se jinak nemohli z\u00fa\u010dastnit.Prvn\u00ed expozice je v\u011bnovan\u00e1\u00a0archeologick\u00fdm experiment\u016fm\u00a0expedic Monoxylon. Rekapituluje jejich odborn\u00e9 v\u00fdsledky a p\u0159ibli\u017euje n\u00e1v\u0161t\u011bvn\u00edk\u016fm detaily t\u011bchto unik\u00e1tn\u00edch cest.Druh\u00e1 expozice, nazvan\u00e1 \u201e\u017divot kamenn\u00e9 sekery\u201c, vznikala v Archeoparku cel\u00fdch 8 let. P\u0159edstavuje objevov\u00e1n\u00ed dosud nezn\u00e1m\u00fdch\u00a0technologi\u00ed v\u00fdroby a pou\u017eit\u00ed kamenn\u00fdch brou\u0161en\u00fdch seker\u00a0z obdob\u00ed mlad\u0161\u00ed a pozdn\u00ed doby kamenn\u00e9.Z\u00e1zem\u00ed budovy dopl\u0148uj\u00ed dv\u011b didaktick\u00e9 d\u00edlny, ur\u010den\u00e9 pro vzd\u011bl\u00e1vac\u00ed programy a \u0161koln\u00ed exkurze. 3. venkovn\u00ed prav\u011bk\u00e1 vesnice Cel\u00fd are\u00e1l Archeoparku tvo\u0159\u00ed nejen budova expozice, ale i jeho venkovn\u00ed \u010d\u00e1st, tzv. muzeum pod \u0161ir\u00fdm nebem s konstrukcemi prav\u011bk\u00fdch budov z doby kamenn\u00e9, bronzov\u00e9 a \u017eelezn\u00e9. 4. Archeocyklotrasa Archeocyklotrasa z Hradce Kr\u00e1lov\u00e9 do Smi\u0159ic V\u00e1s zavede na m\u00edsta v\u00fdznamn\u00fdch archeologick\u00fdch lokalit okol\u00ed Hradce, na kter\u00e9 V\u00e1s upozorn\u00ed \u010dtrn\u00e1ct informa\u010dn\u00edch tabul\u00ed. Archeopark V\u0161estary je \u0161estou zast\u00e1vkou cyklotrasy.","og_url":"https:\/\/archeoparkvsestary.cz\/?page_id=99","og_site_name":"Archeopark prav\u011bku V\u0161estary","article_publisher":"https:\/\/www.facebook.com\/archeoparkvsestary\/","article_modified_time":"2026-01-15T12:03:40+00:00","og_image":[{"url":"http:\/\/archeoparkvsestary.cz\/wp-content\/uploads\/2023\/11\/budova_expozice.jpg","type":"","width":"","height":""}],"twitter_card":"summary_large_image","twitter_misc":{"Odhadovan\u00e1 doba \u010dten\u00ed":"3 minuty"},"schema":{"@context":"https:\/\/schema.org","@graph":[{"@type":"WebPage","@id":"https:\/\/archeoparkvsestary.cz\/?page_id=99","url":"https:\/\/archeoparkvsestary.cz\/?page_id=99","name":"O Archeoparku - Archeopark prav\u011bku V\u0161estary","isPartOf":{"@id":"https:\/\/archeoparkvsestary.cz\/#website"},"primaryImageOfPage":{"@id":"https:\/\/archeoparkvsestary.cz\/?page_id=99#primaryimage"},"image":{"@id":"https:\/\/archeoparkvsestary.cz\/?page_id=99#primaryimage"},"thumbnailUrl":"http:\/\/archeoparkvsestary.cz\/wp-content\/uploads\/2023\/11\/budova_expozice.jpg","datePublished":"2023-03-27T12:11:07+00:00","dateModified":"2026-01-15T12:03:40+00:00","breadcrumb":{"@id":"https:\/\/archeoparkvsestary.cz\/?page_id=99#breadcrumb"},"inLanguage":"cs","potentialAction":[{"@type":"ReadAction","target":["https:\/\/archeoparkvsestary.cz\/?page_id=99"]}]},{"@type":"ImageObject","inLanguage":"cs","@id":"https:\/\/archeoparkvsestary.cz\/?page_id=99#primaryimage","url":"https:\/\/archeoparkvsestary.cz\/wp-content\/uploads\/2023\/11\/budova_expozice.jpg","contentUrl":"https:\/\/archeoparkvsestary.cz\/wp-content\/uploads\/2023\/11\/budova_expozice.jpg","width":750,"height":150},{"@type":"BreadcrumbList","@id":"https:\/\/archeoparkvsestary.cz\/?page_id=99#breadcrumb","itemListElement":[{"@type":"ListItem","position":1,"name":"Home","item":"https:\/\/archeoparkvsestary.cz\/"},{"@type":"ListItem","position":2,"name":"Archeopark","item":"http:\/\/archeoparkvsestary.cz\/?page_id=26"},{"@type":"ListItem","position":3,"name":"O Archeoparku"}]},{"@type":"WebSite","@id":"https:\/\/archeoparkvsestary.cz\/#website","url":"https:\/\/archeoparkvsestary.cz\/","name":"Archeopark prav\u011bku V\u0161estary","description":"Archeopark prav\u011bku V\u0161estary","publisher":{"@id":"https:\/\/archeoparkvsestary.cz\/#organization"},"potentialAction":[{"@type":"SearchAction","target":{"@type":"EntryPoint","urlTemplate":"https:\/\/archeoparkvsestary.cz\/?s={search_term_string}"},"query-input":{"@type":"PropertyValueSpecification","valueRequired":true,"valueName":"search_term_string"}}],"inLanguage":"cs"},{"@type":"Organization","@id":"https:\/\/archeoparkvsestary.cz\/#organization","name":"Archeopark prav\u011bku V\u0161estary","url":"https:\/\/archeoparkvsestary.cz\/","logo":{"@type":"ImageObject","inLanguage":"cs","@id":"https:\/\/archeoparkvsestary.cz\/#\/schema\/logo\/image\/","url":"https:\/\/archeoparkvsestary.cz\/wp-content\/uploads\/2023\/03\/logo_archeopark_nadoba.jpg","contentUrl":"https:\/\/archeoparkvsestary.cz\/wp-content\/uploads\/2023\/03\/logo_archeopark_nadoba.jpg","width":300,"height":279,"caption":"Archeopark prav\u011bku V\u0161estary"},"image":{"@id":"https:\/\/archeoparkvsestary.cz\/#\/schema\/logo\/image\/"},"sameAs":["https:\/\/www.facebook.com\/archeoparkvsestary\/"]}]}},"_links":{"self":[{"href":"https:\/\/archeoparkvsestary.cz\/index.php?rest_route=\/wp\/v2\/pages\/99","targetHints":{"allow":["GET"]}}],"collection":[{"href":"https:\/\/archeoparkvsestary.cz\/index.php?rest_route=\/wp\/v2\/pages"}],"about":[{"href":"https:\/\/archeoparkvsestary.cz\/index.php?rest_route=\/wp\/v2\/types\/page"}],"author":[{"embeddable":true,"href":"https:\/\/archeoparkvsestary.cz\/index.php?rest_route=\/wp\/v2\/users\/1"}],"replies":[{"embeddable":true,"href":"https:\/\/archeoparkvsestary.cz\/index.php?rest_route=%2Fwp%2Fv2%2Fcomments&post=99"}],"version-history":[{"count":5,"href":"https:\/\/archeoparkvsestary.cz\/index.php?rest_route=\/wp\/v2\/pages\/99\/revisions"}],"predecessor-version":[{"id":2448,"href":"https:\/\/archeoparkvsestary.cz\/index.php?rest_route=\/wp\/v2\/pages\/99\/revisions\/2448"}],"up":[{"embeddable":true,"href":"https:\/\/archeoparkvsestary.cz\/index.php?rest_route=\/wp\/v2\/pages\/26"}],"wp:attachment":[{"href":"https:\/\/archeoparkvsestary.cz\/index.php?rest_route=%2Fwp%2Fv2%2Fmedia&parent=99"}],"curies":[{"name":"wp","href":"https:\/\/api.w.org\/{rel}","templated":true}]}}